{"id":74289,"date":"2021-01-13T16:29:55","date_gmt":"2021-01-13T16:29:55","guid":{"rendered":"https:\/\/smartmag.theme-sphere.com\/good-news\/"},"modified":"2026-08-29T10:08:50","modified_gmt":"2026-08-29T16:08:50","slug":"homepage","status":"publish","type":"page","link":"https:\/\/elreporterohgo.com\/noticias\/","title":{"rendered":"Homepage"},"content":{"rendered":"\t\t<div data-elementor-type=\"wp-page\" data-elementor-id=\"74289\" class=\"elementor elementor-74289\">\n\t\t\t\t\t\t<section class=\"has-el-gap el-gap-default elementor-section elementor-top-section elementor-element elementor-element-7bb5416 elementor-section-full_width elementor-section-height-default elementor-section-height-default\" data-id=\"7bb5416\" data-element_type=\"section\">\n\t\t\t\t\t\t<div class=\"elementor-container elementor-column-gap-no\">\n\t\t\t\t\t<div class=\"elementor-column elementor-col-100 elementor-top-column elementor-element elementor-element-3d18b85\" data-id=\"3d18b85\" data-element_type=\"column\">\n\t\t\t<div class=\"elementor-widget-wrap\">\n\t\t\t\t\t\t\t<\/div>\n\t\t<\/div>\n\t\t\t\t\t<\/div>\n\t\t<\/section>\n\t\t\t\t<section class=\"has-el-gap el-gap-default elementor-section elementor-top-section elementor-element elementor-element-bba19f5 elementor-section-boxed elementor-section-height-default elementor-section-height-default\" data-id=\"bba19f5\" data-element_type=\"section\">\n\t\t\t\t\t\t<div class=\"elementor-container elementor-column-gap-no\">\n\t\t\t\t\t<div class=\"elementor-column elementor-col-100 elementor-top-column elementor-element elementor-element-74c4a06\" data-id=\"74c4a06\" data-element_type=\"column\">\n\t\t\t<div class=\"elementor-widget-wrap elementor-element-populated\">\n\t\t\t\t\t\t<div class=\"elementor-element elementor-element-153f657 elementor-widget elementor-widget-spacer\" data-id=\"153f657\" data-element_type=\"widget\" data-widget_type=\"spacer.default\">\n\t\t\t\t\t\t\t<div class=\"elementor-spacer\">\n\t\t\t<div class=\"elementor-spacer-inner\"><\/div>\n\t\t<\/div>\n\t\t\t\t\t\t<\/div>\n\t\t\t\t<div class=\"elementor-element elementor-element-e4877c4 elementor-widget elementor-widget-heading\" data-id=\"e4877c4\" data-element_type=\"widget\" data-widget_type=\"heading.default\">\n\t\t\t\t\t<h2 class=\"elementor-heading-title elementor-size-default\">LO \u00daLTIMO<\/h2>\t\t\t\t<\/div>\n\t\t\t\t<div class=\"elementor-element elementor-element-47724ee elementor-widget elementor-widget-smartmag-featgrid\" data-id=\"47724ee\" data-element_type=\"widget\" data-widget_type=\"smartmag-featgrid.default\">\n\t\t\t\t<div class=\"elementor-widget-container\">\n\t\t\t\t\t\t\t<section class=\"block-wrap block-feat-grid block-sc\" data-id=\"1\">\n\n\t\t\t\t\n\t\t\t<div class=\"block-content\">\n\t\t\t\t\t\n<section class=\"feat-grid feat-grid-a static feat-grid-ratio\">\n\n\t<div class=\"slides\" data-parallax>\n\t\n\t\n\t\t\t\t\t<div class=\"items-wrap slide-wrap\">\n\t\t\t\t\t\n\t\t\t\t\t\t\t\n\t\t\t\t<div class=\"item item-large item-main item-1 pos-bot\">\n\n\t\t\t\t\t\n<article class=\"l-post grid-overlay grid-overlay-a hover-zoom\">\n\n\t\n\t\t\t<div class=\"media\">\n\n\t\t\n\t\t\t<a href=\"https:\/\/elreporterohgo.com\/noticias\/2026\/09\/05\/segundo-informe-de-la-sindica-juridica-de-pachuca-y-los-temas-incomodos\/\" class=\"image-link\" title=\"Segundo informe de la s\u00edndica jur\u00eddica de Pachuca: \u00bfy los temas inc\u00f3modos?\"><img fetchpriority=\"high\" decoding=\"async\" width=\"768\" height=\"520\" src=\"https:\/\/elreporterohgo.com\/noticias\/wp-content\/uploads\/2026\/09\/zzzzzzzzzzzzzzzzzzzzzzz2345-768x520.jpg\" class=\"attachment-bunyad-768 size-bunyad-768 wp-post-image\" alt=\"\" sizes=\"(max-width: 585px) 100vw, 585px\" title=\"Segundo informe de la s\u00edndica jur\u00eddica de Pachuca: \u00bfy los temas inc\u00f3modos?\" srcset=\"https:\/\/elreporterohgo.com\/noticias\/wp-content\/uploads\/2026\/09\/zzzzzzzzzzzzzzzzzzzzzzz2345-768x520.jpg 768w, https:\/\/elreporterohgo.com\/noticias\/wp-content\/uploads\/2026\/09\/zzzzzzzzzzzzzzzzzzzzzzz2345-1024x694.jpg 1024w, https:\/\/elreporterohgo.com\/noticias\/wp-content\/uploads\/2026\/09\/zzzzzzzzzzzzzzzzzzzzzzz2345-1200x813.jpg 1200w, https:\/\/elreporterohgo.com\/noticias\/wp-content\/uploads\/2026\/09\/zzzzzzzzzzzzzzzzzzzzzzz2345.jpg 1328w\" \/><\/a>\t\t\t\n\t\t\t\n\t\t\t\n\t\t\t\n\t\t\n\t\t<\/div>\n\t\n\n\t\t\t<div class=\"content-wrap\">\n\t\n\t\t<div class=\"content\">\n\n\t\t\t<div class=\"post-meta post-meta-a meta-contrast has-below\"><div class=\"post-meta-items meta-above\"><span class=\"meta-item cat-labels\">\n\t\t\t\t\t\t\n\t\t\t\t\t\t<a href=\"https:\/\/elreporterohgo.com\/noticias\/category\/hidalgo\/\" class=\"category term-color-10\" rel=\"category\" tabindex=\"-1\">Hidalgo<\/a>\n\t\t\t\t\t<\/span>\n\t\t\t\t\t<\/div><h2 class=\"is-title post-title\"><a href=\"https:\/\/elreporterohgo.com\/noticias\/2026\/09\/05\/segundo-informe-de-la-sindica-juridica-de-pachuca-y-los-temas-incomodos\/\">Segundo informe de la s\u00edndica jur\u00eddica de Pachuca: \u00bfy los temas inc\u00f3modos?<\/a><\/h2><div class=\"post-meta-items meta-below\"><span class=\"meta-item post-author\"><a href=\"https:\/\/elreporterohgo.com\/noticias\/author\/jsabino\/\" title=\"Entradas de Juan Sabino Cruz\" rel=\"author\">Juan Sabino Cruz<\/a><\/span><span class=\"meta-item date\"><span class=\"date-link\"><time class=\"post-date\" datetime=\"2026-09-05T00:26:53-06:00\">5 septiembre, 2026<\/time><\/span><\/span><\/div><\/div>\t\t\t\n\t\t\t\n\t\t\t\n\t\t<\/div>\n\n\t\t\t<\/div>\n\t\n<\/article>\n\t\t\t\t<\/div>\n\t\t\t\t\t\t\t\n\t\t\t\t\t\t\t\n\t\t\t\t<div class=\"item item-small item-2 pos-bot\">\n\n\t\t\t\t\t\n<article class=\"l-post grid-overlay grid-overlay-a hover-zoom\">\n\n\t\n\t\t\t<div class=\"media\">\n\n\t\t\n\t\t\t<a href=\"https:\/\/elreporterohgo.com\/noticias\/2026\/09\/04\/a-cuatro-anos-del-gobierno-de-julio-menchaca-hidalgo-es-una-potencia-en-marcha\/\" class=\"image-link\" title=\"A cuatro a\u00f1os del gobierno de Julio Menchaca, \u00a1Hidalgo es una potencia en marcha!\"><img decoding=\"async\" width=\"300\" height=\"200\" src=\"https:\/\/elreporterohgo.com\/noticias\/wp-content\/uploads\/2026\/09\/zzzzzzzzzzzzzzzzzzzzzzzzzzzzzzzzzzzzwq-300x200.jpeg\" class=\"attachment-medium size-medium wp-post-image\" alt=\"\" sizes=\"(max-width: 768px) 50vw, 292px\" title=\"A cuatro a\u00f1os del gobierno de Julio Menchaca, \u00a1Hidalgo es una potencia en marcha!\" srcset=\"https:\/\/elreporterohgo.com\/noticias\/wp-content\/uploads\/2026\/09\/zzzzzzzzzzzzzzzzzzzzzzzzzzzzzzzzzzzzwq-1024x683.jpeg 1024w, https:\/\/elreporterohgo.com\/noticias\/wp-content\/uploads\/2026\/09\/zzzzzzzzzzzzzzzzzzzzzzzzzzzzzzzzzzzzwq-768x512.jpeg 768w, https:\/\/elreporterohgo.com\/noticias\/wp-content\/uploads\/2026\/09\/zzzzzzzzzzzzzzzzzzzzzzzzzzzzzzzzzzzzwq-1536x1024.jpeg 1536w, https:\/\/elreporterohgo.com\/noticias\/wp-content\/uploads\/2026\/09\/zzzzzzzzzzzzzzzzzzzzzzzzzzzzzzzzzzzzwq-450x300.jpeg 450w, https:\/\/elreporterohgo.com\/noticias\/wp-content\/uploads\/2026\/09\/zzzzzzzzzzzzzzzzzzzzzzzzzzzzzzzzzzzzwq-1200x800.jpeg 1200w, https:\/\/elreporterohgo.com\/noticias\/wp-content\/uploads\/2026\/09\/zzzzzzzzzzzzzzzzzzzzzzzzzzzzzzzzzzzzwq.jpeg 1920w\" \/><\/a>\t\t\t\n\t\t\t\n\t\t\t\n\t\t\t\n\t\t\n\t\t<\/div>\n\t\n\n\t\t\t<div class=\"content-wrap\">\n\t\n\t\t<div class=\"content\">\n\n\t\t\t<div class=\"post-meta post-meta-a meta-contrast has-below\"><div class=\"post-meta-items meta-above\"><span class=\"meta-item cat-labels\">\n\t\t\t\t\t\t\n\t\t\t\t\t\t<a href=\"https:\/\/elreporterohgo.com\/noticias\/category\/hidalgo\/\" class=\"category term-color-10\" rel=\"category\" tabindex=\"-1\">Hidalgo<\/a>\n\t\t\t\t\t<\/span>\n\t\t\t\t\t<\/div><h2 class=\"is-title post-title\"><a href=\"https:\/\/elreporterohgo.com\/noticias\/2026\/09\/04\/a-cuatro-anos-del-gobierno-de-julio-menchaca-hidalgo-es-una-potencia-en-marcha\/\">A cuatro a\u00f1os del gobierno de Julio Menchaca, \u00a1Hidalgo es una potencia en marcha!<\/a><\/h2><div class=\"post-meta-items meta-below\"><span class=\"meta-item post-author\"><a href=\"https:\/\/elreporterohgo.com\/noticias\/author\/jsabino\/\" title=\"Entradas de Juan Sabino Cruz\" rel=\"author\">Juan Sabino Cruz<\/a><\/span><span class=\"meta-item date\"><span class=\"date-link\"><time class=\"post-date\" datetime=\"2026-09-04T16:39:19-06:00\">4 septiembre, 2026<\/time><\/span><\/span><\/div><\/div>\t\t\t\n\t\t\t\n\t\t\t\n\t\t<\/div>\n\n\t\t\t<\/div>\n\t\n<\/article>\n\t\t\t\t<\/div>\n\t\t\t\t\t\t\t\n\t\t\t\t\t\t\t\n\t\t\t\t<div class=\"item item-small item-3 pos-bot\">\n\n\t\t\t\t\t\n<article class=\"l-post grid-overlay grid-overlay-a hover-zoom\">\n\n\t\n\t\t\t<div class=\"media\">\n\n\t\t\n\t\t\t<a href=\"https:\/\/elreporterohgo.com\/noticias\/2026\/09\/04\/destruido-trailer-cargado-con-toneladas-de-rollos-de-acero-tras-accidente-en-la-mexico-tulancingo\/\" class=\"image-link\" title=\"Destruido tr\u00e1iler cargado con toneladas de rollos de acero tras accidente en la M\u00e9xico-Tulancingo\"><img decoding=\"async\" width=\"300\" height=\"206\" src=\"https:\/\/elreporterohgo.com\/noticias\/wp-content\/uploads\/2026\/09\/zzzzzzzzzzzzzzzzzzzzzzzzzzzzzzzzzzzzz-300x206.jpg\" class=\"attachment-medium size-medium wp-post-image\" alt=\"\" sizes=\"(max-width: 768px) 50vw, 292px\" title=\"Destruido tr\u00e1iler cargado con toneladas de rollos de acero tras accidente en la M\u00e9xico-Tulancingo\" srcset=\"https:\/\/elreporterohgo.com\/noticias\/wp-content\/uploads\/2026\/09\/zzzzzzzzzzzzzzzzzzzzzzzzzzzzzzzzzzzzz-768x527.jpg 768w, https:\/\/elreporterohgo.com\/noticias\/wp-content\/uploads\/2026\/09\/zzzzzzzzzzzzzzzzzzzzzzzzzzzzzzzzzzzzz-150x103.jpg 150w, https:\/\/elreporterohgo.com\/noticias\/wp-content\/uploads\/2026\/09\/zzzzzzzzzzzzzzzzzzzzzzzzzzzzzzzzzzzzz-450x309.jpg 450w, https:\/\/elreporterohgo.com\/noticias\/wp-content\/uploads\/2026\/09\/zzzzzzzzzzzzzzzzzzzzzzzzzzzzzzzzzzzzz.jpg 871w\" \/><\/a>\t\t\t\n\t\t\t\n\t\t\t\n\t\t\t\n\t\t\n\t\t<\/div>\n\t\n\n\t\t\t<div class=\"content-wrap\">\n\t\n\t\t<div class=\"content\">\n\n\t\t\t<div class=\"post-meta post-meta-a meta-contrast has-below\"><div class=\"post-meta-items meta-above\"><span class=\"meta-item cat-labels\">\n\t\t\t\t\t\t\n\t\t\t\t\t\t<a href=\"https:\/\/elreporterohgo.com\/noticias\/category\/hidalgo\/\" class=\"category term-color-10\" rel=\"category\" tabindex=\"-1\">Hidalgo<\/a>\n\t\t\t\t\t<\/span>\n\t\t\t\t\t<\/div><h2 class=\"is-title post-title\"><a href=\"https:\/\/elreporterohgo.com\/noticias\/2026\/09\/04\/destruido-trailer-cargado-con-toneladas-de-rollos-de-acero-tras-accidente-en-la-mexico-tulancingo\/\">Destruido tr\u00e1iler cargado con toneladas de rollos de acero tras accidente en la M\u00e9xico-Tulancingo<\/a><\/h2><div class=\"post-meta-items meta-below\"><span class=\"meta-item post-author\"><a href=\"https:\/\/elreporterohgo.com\/noticias\/author\/jsabino\/\" title=\"Entradas de Juan Sabino Cruz\" rel=\"author\">Juan Sabino Cruz<\/a><\/span><span class=\"meta-item date\"><span class=\"date-link\"><time class=\"post-date\" datetime=\"2026-09-04T09:05:57-06:00\">4 septiembre, 2026<\/time><\/span><\/span><\/div><\/div>\t\t\t\n\t\t\t\n\t\t\t\n\t\t<\/div>\n\n\t\t\t<\/div>\n\t\n<\/article>\n\t\t\t\t<\/div>\n\t\t\t\t\t\t\t\n\t\t\t\t\t\t\t\n\t\t\t\t<div class=\"item item-small item-4 pos-bot\">\n\n\t\t\t\t\t\n<article class=\"l-post grid-overlay grid-overlay-a hover-zoom\">\n\n\t\n\t\t\t<div class=\"media\">\n\n\t\t\n\t\t\t<a href=\"https:\/\/elreporterohgo.com\/noticias\/2026\/09\/04\/impulsa-julio-menchaca-inversion-historica-de-mas-de-25-mil-mdp-para-infraestructura-en-hidalgo\/\" class=\"image-link\" title=\"Impulsa Julio Menchaca inversi\u00f3n hist\u00f3rica de m\u00e1s de 25 mil mdp para infraestructura en Hidalgo\"><img loading=\"lazy\" decoding=\"async\" width=\"300\" height=\"225\" src=\"https:\/\/elreporterohgo.com\/noticias\/wp-content\/uploads\/2026\/09\/zzzzzzzzzzzzzzzzzzzzzzzzzzzzzzzzzzzzzzzzzzzzzzwq23-300x225.jpg\" class=\"attachment-medium size-medium wp-post-image\" alt=\"\" sizes=\"(max-width: 768px) 50vw, 292px\" title=\"Impulsa Julio Menchaca inversi\u00f3n hist\u00f3rica de m\u00e1s de 25 mil mdp para infraestructura en Hidalgo\" srcset=\"https:\/\/elreporterohgo.com\/noticias\/wp-content\/uploads\/2026\/09\/zzzzzzzzzzzzzzzzzzzzzzzzzzzzzzzzzzzzzzzzzzzzzzwq23-300x225.jpg 300w, https:\/\/elreporterohgo.com\/noticias\/wp-content\/uploads\/2026\/09\/zzzzzzzzzzzzzzzzzzzzzzzzzzzzzzzzzzzzzzzzzzzzzzwq23-1024x768.jpg 1024w, https:\/\/elreporterohgo.com\/noticias\/wp-content\/uploads\/2026\/09\/zzzzzzzzzzzzzzzzzzzzzzzzzzzzzzzzzzzzzzzzzzzzzzwq23-768x576.jpg 768w, https:\/\/elreporterohgo.com\/noticias\/wp-content\/uploads\/2026\/09\/zzzzzzzzzzzzzzzzzzzzzzzzzzzzzzzzzzzzzzzzzzzzzzwq23-1536x1152.jpg 1536w, https:\/\/elreporterohgo.com\/noticias\/wp-content\/uploads\/2026\/09\/zzzzzzzzzzzzzzzzzzzzzzzzzzzzzzzzzzzzzzzzzzzzzzwq23-150x113.jpg 150w, https:\/\/elreporterohgo.com\/noticias\/wp-content\/uploads\/2026\/09\/zzzzzzzzzzzzzzzzzzzzzzzzzzzzzzzzzzzzzzzzzzzzzzwq23-450x338.jpg 450w, https:\/\/elreporterohgo.com\/noticias\/wp-content\/uploads\/2026\/09\/zzzzzzzzzzzzzzzzzzzzzzzzzzzzzzzzzzzzzzzzzzzzzzwq23-1200x900.jpg 1200w, https:\/\/elreporterohgo.com\/noticias\/wp-content\/uploads\/2026\/09\/zzzzzzzzzzzzzzzzzzzzzzzzzzzzzzzzzzzzzzzzzzzzzzwq23.jpg 1600w\" \/><\/a>\t\t\t\n\t\t\t\n\t\t\t\n\t\t\t\n\t\t\n\t\t<\/div>\n\t\n\n\t\t\t<div class=\"content-wrap\">\n\t\n\t\t<div class=\"content\">\n\n\t\t\t<div class=\"post-meta post-meta-a meta-contrast has-below\"><div class=\"post-meta-items meta-above\"><span class=\"meta-item cat-labels\">\n\t\t\t\t\t\t\n\t\t\t\t\t\t<a href=\"https:\/\/elreporterohgo.com\/noticias\/category\/hidalgo\/\" class=\"category term-color-10\" rel=\"category\" tabindex=\"-1\">Hidalgo<\/a>\n\t\t\t\t\t<\/span>\n\t\t\t\t\t<\/div><h2 class=\"is-title post-title\"><a href=\"https:\/\/elreporterohgo.com\/noticias\/2026\/09\/04\/impulsa-julio-menchaca-inversion-historica-de-mas-de-25-mil-mdp-para-infraestructura-en-hidalgo\/\">Impulsa Julio Menchaca inversi\u00f3n hist\u00f3rica de m\u00e1s de 25 mil mdp para infraestructura en Hidalgo<\/a><\/h2><div class=\"post-meta-items meta-below\"><span class=\"meta-item post-author\"><a href=\"https:\/\/elreporterohgo.com\/noticias\/author\/jsabino\/\" title=\"Entradas de Juan Sabino Cruz\" rel=\"author\">Juan Sabino Cruz<\/a><\/span><span class=\"meta-item date\"><span class=\"date-link\"><time class=\"post-date\" datetime=\"2026-09-04T08:37:49-06:00\">4 septiembre, 2026<\/time><\/span><\/span><\/div><\/div>\t\t\t\n\t\t\t\n\t\t\t\n\t\t<\/div>\n\n\t\t\t<\/div>\n\t\n<\/article>\n\t\t\t\t<\/div>\n\t\t\t\t\t\t\t\n\t\t\t\t\t\t\t\n\t\t\t\t<div class=\"item item-small item-5 pos-bot\">\n\n\t\t\t\t\t\n<article class=\"l-post grid-overlay grid-overlay-a hover-zoom\">\n\n\t\n\t\t\t<div class=\"media\">\n\n\t\t\n\t\t\t<a href=\"https:\/\/elreporterohgo.com\/noticias\/2026\/09\/04\/capturan-a-los-asaltantes-de-transporte-de-carga-en-la-autopista-mexico-pachuca\/\" class=\"image-link\" title=\"Capturan a los asaltantes de transporte de carga en la autopista M\u00e9xico\u2013Pachuca\"><img loading=\"lazy\" decoding=\"async\" width=\"300\" height=\"201\" src=\"https:\/\/elreporterohgo.com\/noticias\/wp-content\/uploads\/2026\/09\/zzzzzzzzzzzzzzzxxxx-300x201.jpg\" class=\"attachment-medium size-medium wp-post-image\" alt=\"\" sizes=\"(max-width: 768px) 50vw, 292px\" title=\"Capturan a los asaltantes de transporte de carga en la autopista M\u00e9xico\u2013Pachuca\" srcset=\"https:\/\/elreporterohgo.com\/noticias\/wp-content\/uploads\/2026\/09\/zzzzzzzzzzzzzzzxxxx-1024x686.jpg 1024w, https:\/\/elreporterohgo.com\/noticias\/wp-content\/uploads\/2026\/09\/zzzzzzzzzzzzzzzxxxx-768x514.jpg 768w, https:\/\/elreporterohgo.com\/noticias\/wp-content\/uploads\/2026\/09\/zzzzzzzzzzzzzzzxxxx-1536x1029.jpg 1536w, https:\/\/elreporterohgo.com\/noticias\/wp-content\/uploads\/2026\/09\/zzzzzzzzzzzzzzzxxxx-450x301.jpg 450w, https:\/\/elreporterohgo.com\/noticias\/wp-content\/uploads\/2026\/09\/zzzzzzzzzzzzzzzxxxx-1200x804.jpg 1200w, https:\/\/elreporterohgo.com\/noticias\/wp-content\/uploads\/2026\/09\/zzzzzzzzzzzzzzzxxxx.jpg 1650w\" \/><\/a>\t\t\t\n\t\t\t\n\t\t\t\n\t\t\t\n\t\t\n\t\t<\/div>\n\t\n\n\t\t\t<div class=\"content-wrap\">\n\t\n\t\t<div class=\"content\">\n\n\t\t\t<div class=\"post-meta post-meta-a meta-contrast has-below\"><div class=\"post-meta-items meta-above\"><span class=\"meta-item cat-labels\">\n\t\t\t\t\t\t\n\t\t\t\t\t\t<a href=\"https:\/\/elreporterohgo.com\/noticias\/category\/hidalgo\/\" class=\"category term-color-10\" rel=\"category\" tabindex=\"-1\">Hidalgo<\/a>\n\t\t\t\t\t<\/span>\n\t\t\t\t\t<\/div><h2 class=\"is-title post-title\"><a href=\"https:\/\/elreporterohgo.com\/noticias\/2026\/09\/04\/capturan-a-los-asaltantes-de-transporte-de-carga-en-la-autopista-mexico-pachuca\/\">Capturan a los asaltantes de transporte de carga en la autopista M\u00e9xico\u2013Pachuca<\/a><\/h2><div class=\"post-meta-items meta-below\"><span class=\"meta-item post-author\"><a href=\"https:\/\/elreporterohgo.com\/noticias\/author\/jsabino\/\" title=\"Entradas de Juan Sabino Cruz\" rel=\"author\">Juan Sabino Cruz<\/a><\/span><span class=\"meta-item date\"><span class=\"date-link\"><time class=\"post-date\" datetime=\"2026-09-04T08:29:11-06:00\">4 septiembre, 2026<\/time><\/span><\/span><\/div><\/div>\t\t\t\n\t\t\t\n\t\t\t\n\t\t<\/div>\n\n\t\t\t<\/div>\n\t\n<\/article>\n\t\t\t\t<\/div>\n\t\t\t\t\t\t\t\n\t\t\t\t\t\t\t\n\t\t\t\t\t<\/div>\n\t\t\n\t\t<\/div>\n\n<\/section>\n\t\t\t<\/div>\n\n\t\t<\/section>\n\t\t\t\t\t\t<\/div>\n\t\t\t\t<\/div>\n\t\t\t\t\t<\/div>\n\t\t<\/div>\n\t\t\t\t\t<\/div>\n\t\t<\/section>\n\t\t\t\t<section class=\"has-el-gap el-gap-default elementor-section elementor-top-section elementor-element elementor-element-7621712 elementor-section-boxed elementor-section-height-default elementor-section-height-default\" data-id=\"7621712\" data-element_type=\"section\">\n\t\t\t\t\t\t<div class=\"elementor-container elementor-column-gap-no\">\n\t\t\t\t\t<div class=\"elementor-column elementor-col-50 elementor-top-column elementor-element elementor-element-3a9be9d\" data-id=\"3a9be9d\" data-element_type=\"column\">\n\t\t\t<div class=\"elementor-widget-wrap elementor-element-populated\">\n\t\t\t\t\t\t<div class=\"elementor-element elementor-element-bf116e3 elementor-widget elementor-widget-smartmag-grid\" data-id=\"bf116e3\" data-element_type=\"widget\" data-widget_type=\"smartmag-grid.default\">\n\t\t\t\t<div class=\"elementor-widget-container\">\n\t\t\t\t\t\t\t<section class=\"block-wrap block-grid block-sc cols-gap-sm\" data-id=\"2\">\n\n\t\t\t\t\t\t\t\t\n\t\t\t\t\t\t\t\n\t\t\t\t<div class=\"block-head block-head-b is-left\">\n\n\t\t\t\t\t<h4 class=\"heading\">HIDALGO<\/h4>\t\t\t\t\t\n\t\t\t\t\t\t\t\t\t<\/div>\n\t\t\t\t\n\t\t\t\n\t\t\t\n\t\t\t<div class=\"block-content\">\n\t\t\t\t\t\n\t<div class=\"loop loop-grid loop-grid-sm grid grid-4 md:grid-2 xs:grid-1\">\n\n\t\t\t\t\t\n<article class=\"l-post grid-post grid-sm-post\">\n\n\t\n\t\t\t<div class=\"media\">\n\n\t\t\n\t\t\t<a href=\"https:\/\/elreporterohgo.com\/noticias\/2026\/09\/05\/segundo-informe-de-la-sindica-juridica-de-pachuca-y-los-temas-incomodos\/\" class=\"image-link media-ratio ratio-16-9\" title=\"Segundo informe de la s\u00edndica jur\u00eddica de Pachuca: \u00bfy los temas inc\u00f3modos?\"><img loading=\"lazy\" decoding=\"async\" width=\"377\" height=\"212\" src=\"https:\/\/elreporterohgo.com\/noticias\/wp-content\/uploads\/2026\/09\/zzzzzzzzzzzzzzzzzzzzzzz2345-450x305.jpg\" class=\"attachment-bunyad-medium size-bunyad-medium wp-post-image\" alt=\"\" sizes=\"(max-width: 377px) 100vw, 377px\" title=\"Segundo informe de la s\u00edndica jur\u00eddica de Pachuca: \u00bfy los temas inc\u00f3modos?\" srcset=\"https:\/\/elreporterohgo.com\/noticias\/wp-content\/uploads\/2026\/09\/zzzzzzzzzzzzzzzzzzzzzzz2345-450x305.jpg 450w, https:\/\/elreporterohgo.com\/noticias\/wp-content\/uploads\/2026\/09\/zzzzzzzzzzzzzzzzzzzzzzz2345-1024x694.jpg 1024w, https:\/\/elreporterohgo.com\/noticias\/wp-content\/uploads\/2026\/09\/zzzzzzzzzzzzzzzzzzzzzzz2345-768x520.jpg 768w, https:\/\/elreporterohgo.com\/noticias\/wp-content\/uploads\/2026\/09\/zzzzzzzzzzzzzzzzzzzzzzz2345-1200x813.jpg 1200w, https:\/\/elreporterohgo.com\/noticias\/wp-content\/uploads\/2026\/09\/zzzzzzzzzzzzzzzzzzzzzzz2345.jpg 1328w\" \/><\/a>\t\t\t\n\t\t\t\n\t\t\t\n\t\t\t\n\t\t\n\t\t<\/div>\n\t\n\n\t\n\t\t<div class=\"content\">\n\n\t\t\t<div class=\"post-meta post-meta-a\"><h2 class=\"is-title post-title\"><a href=\"https:\/\/elreporterohgo.com\/noticias\/2026\/09\/05\/segundo-informe-de-la-sindica-juridica-de-pachuca-y-los-temas-incomodos\/\">Segundo informe de la s\u00edndica jur\u00eddica de Pachuca: \u00bfy los temas inc\u00f3modos?<\/a><\/h2><\/div>\t\t\t\n\t\t\t\n\t\t\t\n\t\t<\/div>\n\n\t\n<\/article>\t\t\t\t\t\n<article class=\"l-post grid-post grid-sm-post\">\n\n\t\n\t\t\t<div class=\"media\">\n\n\t\t\n\t\t\t<a href=\"https:\/\/elreporterohgo.com\/noticias\/2026\/09\/04\/a-cuatro-anos-del-gobierno-de-julio-menchaca-hidalgo-es-una-potencia-en-marcha\/\" class=\"image-link media-ratio ratio-16-9\" title=\"A cuatro a\u00f1os del gobierno de Julio Menchaca, \u00a1Hidalgo es una potencia en marcha!\"><img loading=\"lazy\" decoding=\"async\" width=\"377\" height=\"212\" src=\"https:\/\/elreporterohgo.com\/noticias\/wp-content\/uploads\/2026\/09\/zzzzzzzzzzzzzzzzzzzzzzzzzzzzzzzzzzzzwq-450x300.jpeg\" class=\"attachment-bunyad-medium size-bunyad-medium wp-post-image\" alt=\"\" sizes=\"(max-width: 377px) 100vw, 377px\" title=\"A cuatro a\u00f1os del gobierno de Julio Menchaca, \u00a1Hidalgo es una potencia en marcha!\" srcset=\"https:\/\/elreporterohgo.com\/noticias\/wp-content\/uploads\/2026\/09\/zzzzzzzzzzzzzzzzzzzzzzzzzzzzzzzzzzzzwq-450x300.jpeg 450w, https:\/\/elreporterohgo.com\/noticias\/wp-content\/uploads\/2026\/09\/zzzzzzzzzzzzzzzzzzzzzzzzzzzzzzzzzzzzwq-1024x683.jpeg 1024w, https:\/\/elreporterohgo.com\/noticias\/wp-content\/uploads\/2026\/09\/zzzzzzzzzzzzzzzzzzzzzzzzzzzzzzzzzzzzwq-768x512.jpeg 768w, https:\/\/elreporterohgo.com\/noticias\/wp-content\/uploads\/2026\/09\/zzzzzzzzzzzzzzzzzzzzzzzzzzzzzzzzzzzzwq-1536x1024.jpeg 1536w, https:\/\/elreporterohgo.com\/noticias\/wp-content\/uploads\/2026\/09\/zzzzzzzzzzzzzzzzzzzzzzzzzzzzzzzzzzzzwq-1200x800.jpeg 1200w, https:\/\/elreporterohgo.com\/noticias\/wp-content\/uploads\/2026\/09\/zzzzzzzzzzzzzzzzzzzzzzzzzzzzzzzzzzzzwq.jpeg 1920w\" \/><\/a>\t\t\t\n\t\t\t\n\t\t\t\n\t\t\t\n\t\t\n\t\t<\/div>\n\t\n\n\t\n\t\t<div class=\"content\">\n\n\t\t\t<div class=\"post-meta post-meta-a\"><h2 class=\"is-title post-title\"><a href=\"https:\/\/elreporterohgo.com\/noticias\/2026\/09\/04\/a-cuatro-anos-del-gobierno-de-julio-menchaca-hidalgo-es-una-potencia-en-marcha\/\">A cuatro a\u00f1os del gobierno de Julio Menchaca, \u00a1Hidalgo es una potencia en marcha!<\/a><\/h2><\/div>\t\t\t\n\t\t\t\n\t\t\t\n\t\t<\/div>\n\n\t\n<\/article>\t\t\t\t\t\n<article class=\"l-post grid-post grid-sm-post\">\n\n\t\n\t\t\t<div class=\"media\">\n\n\t\t\n\t\t\t<a href=\"https:\/\/elreporterohgo.com\/noticias\/2026\/09\/04\/destruido-trailer-cargado-con-toneladas-de-rollos-de-acero-tras-accidente-en-la-mexico-tulancingo\/\" class=\"image-link media-ratio ratio-16-9\" title=\"Destruido tr\u00e1iler cargado con toneladas de rollos de acero tras accidente en la M\u00e9xico-Tulancingo\"><img loading=\"lazy\" decoding=\"async\" width=\"377\" height=\"212\" src=\"https:\/\/elreporterohgo.com\/noticias\/wp-content\/uploads\/2026\/09\/zzzzzzzzzzzzzzzzzzzzzzzzzzzzzzzzzzzzz-450x309.jpg\" class=\"attachment-bunyad-medium size-bunyad-medium wp-post-image\" alt=\"\" sizes=\"(max-width: 377px) 100vw, 377px\" title=\"Destruido tr\u00e1iler cargado con toneladas de rollos de acero tras accidente en la M\u00e9xico-Tulancingo\" srcset=\"https:\/\/elreporterohgo.com\/noticias\/wp-content\/uploads\/2026\/09\/zzzzzzzzzzzzzzzzzzzzzzzzzzzzzzzzzzzzz-450x309.jpg 450w, https:\/\/elreporterohgo.com\/noticias\/wp-content\/uploads\/2026\/09\/zzzzzzzzzzzzzzzzzzzzzzzzzzzzzzzzzzzzz-768x527.jpg 768w, https:\/\/elreporterohgo.com\/noticias\/wp-content\/uploads\/2026\/09\/zzzzzzzzzzzzzzzzzzzzzzzzzzzzzzzzzzzzz.jpg 871w\" \/><\/a>\t\t\t\n\t\t\t\n\t\t\t\n\t\t\t\n\t\t\n\t\t<\/div>\n\t\n\n\t\n\t\t<div class=\"content\">\n\n\t\t\t<div class=\"post-meta post-meta-a\"><h2 class=\"is-title post-title\"><a href=\"https:\/\/elreporterohgo.com\/noticias\/2026\/09\/04\/destruido-trailer-cargado-con-toneladas-de-rollos-de-acero-tras-accidente-en-la-mexico-tulancingo\/\">Destruido tr\u00e1iler cargado con toneladas de rollos de acero tras accidente en la M\u00e9xico-Tulancingo<\/a><\/h2><\/div>\t\t\t\n\t\t\t\n\t\t\t\n\t\t<\/div>\n\n\t\n<\/article>\t\t\t\t\t\n<article class=\"l-post grid-post grid-sm-post\">\n\n\t\n\t\t\t<div class=\"media\">\n\n\t\t\n\t\t\t<a href=\"https:\/\/elreporterohgo.com\/noticias\/2026\/09\/04\/impulsa-julio-menchaca-inversion-historica-de-mas-de-25-mil-mdp-para-infraestructura-en-hidalgo\/\" class=\"image-link media-ratio ratio-16-9\" title=\"Impulsa Julio Menchaca inversi\u00f3n hist\u00f3rica de m\u00e1s de 25 mil mdp para infraestructura en Hidalgo\"><img loading=\"lazy\" decoding=\"async\" width=\"377\" height=\"212\" src=\"https:\/\/elreporterohgo.com\/noticias\/wp-content\/uploads\/2026\/09\/zzzzzzzzzzzzzzzzzzzzzzzzzzzzzzzzzzzzzzzzzzzzzzwq23-450x338.jpg\" class=\"attachment-bunyad-medium size-bunyad-medium wp-post-image\" alt=\"\" sizes=\"(max-width: 377px) 100vw, 377px\" title=\"Impulsa Julio Menchaca inversi\u00f3n hist\u00f3rica de m\u00e1s de 25 mil mdp para infraestructura en Hidalgo\" srcset=\"https:\/\/elreporterohgo.com\/noticias\/wp-content\/uploads\/2026\/09\/zzzzzzzzzzzzzzzzzzzzzzzzzzzzzzzzzzzzzzzzzzzzzzwq23-450x338.jpg 450w, https:\/\/elreporterohgo.com\/noticias\/wp-content\/uploads\/2026\/09\/zzzzzzzzzzzzzzzzzzzzzzzzzzzzzzzzzzzzzzzzzzzzzzwq23-300x225.jpg 300w, https:\/\/elreporterohgo.com\/noticias\/wp-content\/uploads\/2026\/09\/zzzzzzzzzzzzzzzzzzzzzzzzzzzzzzzzzzzzzzzzzzzzzzwq23-1024x768.jpg 1024w, https:\/\/elreporterohgo.com\/noticias\/wp-content\/uploads\/2026\/09\/zzzzzzzzzzzzzzzzzzzzzzzzzzzzzzzzzzzzzzzzzzzzzzwq23-768x576.jpg 768w, https:\/\/elreporterohgo.com\/noticias\/wp-content\/uploads\/2026\/09\/zzzzzzzzzzzzzzzzzzzzzzzzzzzzzzzzzzzzzzzzzzzzzzwq23-1536x1152.jpg 1536w, https:\/\/elreporterohgo.com\/noticias\/wp-content\/uploads\/2026\/09\/zzzzzzzzzzzzzzzzzzzzzzzzzzzzzzzzzzzzzzzzzzzzzzwq23-1200x900.jpg 1200w, https:\/\/elreporterohgo.com\/noticias\/wp-content\/uploads\/2026\/09\/zzzzzzzzzzzzzzzzzzzzzzzzzzzzzzzzzzzzzzzzzzzzzzwq23.jpg 1600w\" \/><\/a>\t\t\t\n\t\t\t\n\t\t\t\n\t\t\t\n\t\t\n\t\t<\/div>\n\t\n\n\t\n\t\t<div class=\"content\">\n\n\t\t\t<div class=\"post-meta post-meta-a\"><h2 class=\"is-title post-title\"><a href=\"https:\/\/elreporterohgo.com\/noticias\/2026\/09\/04\/impulsa-julio-menchaca-inversion-historica-de-mas-de-25-mil-mdp-para-infraestructura-en-hidalgo\/\">Impulsa Julio Menchaca inversi\u00f3n hist\u00f3rica de m\u00e1s de 25 mil mdp para infraestructura en Hidalgo<\/a><\/h2><\/div>\t\t\t\n\t\t\t\n\t\t\t\n\t\t<\/div>\n\n\t\n<\/article>\t\t\n\t<\/div>\n\n\t\t\n\t\t\t<\/div>\n\n\t\t<\/section>\n\t\t\t\t\t\t<\/div>\n\t\t\t\t<\/div>\n\t\t\t\t\t<\/div>\n\t\t<\/div>\n\t\t\t\t<div class=\"elementor-column elementor-col-50 elementor-top-column elementor-element elementor-element-a01465d\" data-id=\"a01465d\" data-element_type=\"column\">\n\t\t\t<div class=\"elementor-widget-wrap elementor-element-populated\">\n\t\t\t\t\t\t<div class=\"elementor-element elementor-element-a53aee2 elementor-widget elementor-widget-image\" data-id=\"a53aee2\" data-element_type=\"widget\" data-widget_type=\"image.default\">\n\t\t\t\t\t\t\t\t\t\t\t\t\t\t\t\t<a href=\"https:\/\/cuartoinforme.hidalgo.gob.mx\/\">\n\t\t\t\t\t\t\t<img loading=\"lazy\" decoding=\"async\" class=\"attachment-large size-large wp-image-83788 lazyload\" width=\"625\" height=\"521\" src=\"data:image\/svg+xml;base64,PHN2ZyB2aWV3Qm94PScwIDAgNjI1IDUyMScgeG1sbnM9J2h0dHA6Ly93d3cudzMub3JnLzIwMDAvc3ZnJz48L3N2Zz4=\" alt srcset=\"https:\/\/elreporterohgo.com\/noticias\/wp-content\/uploads\/2026\/08\/147-mil-millones-en-inversion_Ads-300x250-1.png 625w, https:\/\/elreporterohgo.com\/noticias\/wp-content\/uploads\/2026\/08\/147-mil-millones-en-inversion_Ads-300x250-1-300x250.png 300w, https:\/\/elreporterohgo.com\/noticias\/wp-content\/uploads\/2026\/08\/147-mil-millones-en-inversion_Ads-300x250-1-150x125.png 150w, https:\/\/elreporterohgo.com\/noticias\/wp-content\/uploads\/2026\/08\/147-mil-millones-en-inversion_Ads-300x250-1-450x375.png 450w\" sizes=\"(max-width: 625px) 100vw, 625px\" data-src=\"https:\/\/elreporterohgo.com\/noticias\/wp-content\/uploads\/2026\/08\/147-mil-millones-en-inversion_Ads-300x250-1.png\" \/>\t\t\t\t\t\t\t\t<\/a>\n\t\t\t\t\t\t\t\t\t\t\t\t\t\t\t<\/div>\n\t\t\t\t\t<\/div>\n\t\t<\/div>\n\t\t\t\t\t<\/div>\n\t\t<\/section>\n\t\t\t\t<section class=\"has-el-gap el-gap-default elementor-section elementor-top-section elementor-element elementor-element-aab5c4e elementor-section-boxed elementor-section-height-default elementor-section-height-default\" data-id=\"aab5c4e\" data-element_type=\"section\">\n\t\t\t\t\t\t<div class=\"elementor-container elementor-column-gap-no\">\n\t\t\t\t\t<div class=\"elementor-column elementor-col-100 elementor-top-column elementor-element elementor-element-fdf4a3e\" data-id=\"fdf4a3e\" data-element_type=\"column\">\n\t\t\t<div class=\"elementor-widget-wrap\">\n\t\t\t\t\t\t\t<\/div>\n\t\t<\/div>\n\t\t\t\t\t<\/div>\n\t\t<\/section>\n\t\t\t\t<section class=\"has-el-gap el-gap-default elementor-section elementor-top-section elementor-element elementor-element-586c5c1 elementor-section-boxed elementor-section-height-default elementor-section-height-default\" data-id=\"586c5c1\" data-element_type=\"section\">\n\t\t\t\t\t\t<div class=\"elementor-container elementor-column-gap-no\">\n\t\t\t\t\t<div class=\"elementor-column elementor-col-66 elementor-top-column elementor-element elementor-element-9921d67 main-content\" data-id=\"9921d67\" data-element_type=\"column\">\n\t\t\t<div class=\"elementor-widget-wrap elementor-element-populated\">\n\t\t\t\t\t\t<div class=\"elementor-element elementor-element-4fcfe03 elementor-widget elementor-widget-smartmag-postslist\" data-id=\"4fcfe03\" data-element_type=\"widget\" data-widget_type=\"smartmag-postslist.default\">\n\t\t\t\t<div class=\"elementor-widget-container\">\n\t\t\t\t\t\t\t<section class=\"block-wrap block-posts-list block-sc mb-none\" data-id=\"3\">\n\n\t\t\t\t\t\t\t\t\n\t\t\t\t\t\t\t\n\t\t\t\t<div class=\"block-head block-head-ac block-head-c is-left\">\n\n\t\t\t\t\t<h4 class=\"heading\">MUNICIPIOS<\/h4>\t\t\t\t\t\n\t\t\t\t\t\t\t\t\t<\/div>\n\t\t\t\t\n\t\t\t\n\t\t\t\n\t\t\t<div class=\"block-content\">\n\t\t\t\t\t\n\t<div class=\"loop loop-list loop-sep loop-list-sep grid grid-1 md:grid-1 sm:grid-1\">\n\n\t\t\t\t\n\t\t\t\n<article class=\"l-post list-post list-post-on-sm m-pos-left\">\n\n\t\n\t\t\t<div class=\"media\">\n\n\t\t\n\t\t\t<a href=\"https:\/\/elreporterohgo.com\/noticias\/2026\/09\/02\/inicia-rehabilitacion-de-red-de-drenaje-sanitario-en-la-calle-del-factor-en-tepeapulco\/\" class=\"image-link media-ratio ratio-3-2\" title=\"Inicia rehabilitaci\u00f3n de red de drenaje sanitario en la calle del Factor en Tepeapulco\"><img loading=\"lazy\" decoding=\"async\" width=\"300\" height=\"200\" src=\"https:\/\/elreporterohgo.com\/noticias\/wp-content\/uploads\/2026\/09\/fc57a455-fb2c-45a5-accf-1161876f1e1a-300x204.jpg\" class=\"attachment-medium size-medium wp-post-image\" alt=\"\" sizes=\"(max-width: 300px) 100vw, 300px\" title=\"Inicia rehabilitaci\u00f3n de red de drenaje sanitario en la calle del Factor en Tepeapulco\" srcset=\"https:\/\/elreporterohgo.com\/noticias\/wp-content\/uploads\/2026\/09\/fc57a455-fb2c-45a5-accf-1161876f1e1a-300x204.jpg 300w, https:\/\/elreporterohgo.com\/noticias\/wp-content\/uploads\/2026\/09\/fc57a455-fb2c-45a5-accf-1161876f1e1a-1024x697.jpg 1024w, https:\/\/elreporterohgo.com\/noticias\/wp-content\/uploads\/2026\/09\/fc57a455-fb2c-45a5-accf-1161876f1e1a-768x523.jpg 768w, https:\/\/elreporterohgo.com\/noticias\/wp-content\/uploads\/2026\/09\/fc57a455-fb2c-45a5-accf-1161876f1e1a-150x102.jpg 150w, https:\/\/elreporterohgo.com\/noticias\/wp-content\/uploads\/2026\/09\/fc57a455-fb2c-45a5-accf-1161876f1e1a-450x306.jpg 450w, https:\/\/elreporterohgo.com\/noticias\/wp-content\/uploads\/2026\/09\/fc57a455-fb2c-45a5-accf-1161876f1e1a-1200x817.jpg 1200w, https:\/\/elreporterohgo.com\/noticias\/wp-content\/uploads\/2026\/09\/fc57a455-fb2c-45a5-accf-1161876f1e1a.jpg 1206w\" \/><\/a>\t\t\t\n\t\t\t\n\t\t\t\n\t\t\t\t\t\t\t\n\t\t\t\t<span class=\"cat-labels cat-labels-overlay c-overlay p-bot-left\">\n\t\t\t\t<a href=\"https:\/\/elreporterohgo.com\/noticias\/category\/hidalgo\/\" class=\"category term-color-10\" rel=\"category\" tabindex=\"-1\">Hidalgo<\/a>\n\t\t\t<\/span>\n\t\t\t\t\t\t\n\t\t\t\n\t\t\n\t\t<\/div>\n\t\n\n\t\n\t\t<div class=\"content\">\n\n\t\t\t<div class=\"post-meta post-meta-a has-below\"><h2 class=\"is-title post-title\"><a href=\"https:\/\/elreporterohgo.com\/noticias\/2026\/09\/02\/inicia-rehabilitacion-de-red-de-drenaje-sanitario-en-la-calle-del-factor-en-tepeapulco\/\">Inicia rehabilitaci\u00f3n de red de drenaje sanitario en la calle del Factor en Tepeapulco<\/a><\/h2><div class=\"post-meta-items meta-below\"><span class=\"has-next-icon meta-item post-author\"><a href=\"https:\/\/elreporterohgo.com\/noticias\/author\/jsabino\/\" title=\"Entradas de Juan Sabino Cruz\" rel=\"author\">Juan Sabino Cruz<\/a><\/span><span class=\"meta-item comments has-icon\"><a href=\"https:\/\/elreporterohgo.com\/noticias\/2026\/09\/02\/inicia-rehabilitacion-de-red-de-drenaje-sanitario-en-la-calle-del-factor-en-tepeapulco\/#respond\"><i class=\"tsi tsi-comment-o\"><\/i>0<\/a><\/span><\/div><\/div>\t\t\t\n\t\t\t\t\t\t\n\t\t\t\t<div class=\"excerpt\">\n\t\t\t\t\t<p>&#8211; M\u00e1s de 2 millones de pesos de inversi\u00f3n para mejorar la infraestructura sanitaria. &#8211; Se instalar\u00e1n m\u00e1s de 459 metros&hellip;<\/p>\n\t\t\t\t<\/div>\n\t\t\t\n\t\t\t\n\t\t\t\n\t\t<\/div>\n\n\t\n<\/article>\n\t\t\t\t\n\t\t\t\n<article class=\"l-post list-post list-post-on-sm m-pos-left\">\n\n\t\n\t\t\t<div class=\"media\">\n\n\t\t\n\t\t\t<a href=\"https:\/\/elreporterohgo.com\/noticias\/2026\/09\/02\/renuevan-aulas-de-educacion-inicial-en-santa-barbara-tendran-nueva-losa\/\" class=\"image-link media-ratio ratio-3-2\" title=\"Renuevan aulas de Educaci\u00f3n Inicial en Santa B\u00e1rbara; tendr\u00e1n nueva losa\"><img loading=\"lazy\" decoding=\"async\" width=\"300\" height=\"200\" src=\"https:\/\/elreporterohgo.com\/noticias\/wp-content\/uploads\/2026\/09\/zzzzzzzzzzzzzzzzzzzzzzzzzzzzzqw34-300x214.jpg\" class=\"attachment-medium size-medium wp-post-image\" alt=\"\" sizes=\"(max-width: 300px) 100vw, 300px\" title=\"Renuevan aulas de Educaci\u00f3n Inicial en Santa B\u00e1rbara; tendr\u00e1n nueva losa\" srcset=\"https:\/\/elreporterohgo.com\/noticias\/wp-content\/uploads\/2026\/09\/zzzzzzzzzzzzzzzzzzzzzzzzzzzzzqw34-300x214.jpg 300w, https:\/\/elreporterohgo.com\/noticias\/wp-content\/uploads\/2026\/09\/zzzzzzzzzzzzzzzzzzzzzzzzzzzzzqw34-1024x730.jpg 1024w, https:\/\/elreporterohgo.com\/noticias\/wp-content\/uploads\/2026\/09\/zzzzzzzzzzzzzzzzzzzzzzzzzzzzzqw34-768x548.jpg 768w, https:\/\/elreporterohgo.com\/noticias\/wp-content\/uploads\/2026\/09\/zzzzzzzzzzzzzzzzzzzzzzzzzzzzzqw34-1536x1096.jpg 1536w, https:\/\/elreporterohgo.com\/noticias\/wp-content\/uploads\/2026\/09\/zzzzzzzzzzzzzzzzzzzzzzzzzzzzzqw34-150x107.jpg 150w, https:\/\/elreporterohgo.com\/noticias\/wp-content\/uploads\/2026\/09\/zzzzzzzzzzzzzzzzzzzzzzzzzzzzzqw34-450x321.jpg 450w, https:\/\/elreporterohgo.com\/noticias\/wp-content\/uploads\/2026\/09\/zzzzzzzzzzzzzzzzzzzzzzzzzzzzzqw34-1200x856.jpg 1200w, https:\/\/elreporterohgo.com\/noticias\/wp-content\/uploads\/2026\/09\/zzzzzzzzzzzzzzzzzzzzzzzzzzzzzqw34.jpg 1650w\" \/><\/a>\t\t\t\n\t\t\t\n\t\t\t\n\t\t\t\t\t\t\t\n\t\t\t\t<span class=\"cat-labels cat-labels-overlay c-overlay p-bot-left\">\n\t\t\t\t<a href=\"https:\/\/elreporterohgo.com\/noticias\/category\/hidalgo\/\" class=\"category term-color-10\" rel=\"category\" tabindex=\"-1\">Hidalgo<\/a>\n\t\t\t<\/span>\n\t\t\t\t\t\t\n\t\t\t\n\t\t\n\t\t<\/div>\n\t\n\n\t\n\t\t<div class=\"content\">\n\n\t\t\t<div class=\"post-meta post-meta-a has-below\"><h2 class=\"is-title post-title\"><a href=\"https:\/\/elreporterohgo.com\/noticias\/2026\/09\/02\/renuevan-aulas-de-educacion-inicial-en-santa-barbara-tendran-nueva-losa\/\">Renuevan aulas de Educaci\u00f3n Inicial en Santa B\u00e1rbara; tendr\u00e1n nueva losa<\/a><\/h2><div class=\"post-meta-items meta-below\"><span class=\"has-next-icon meta-item post-author\"><a href=\"https:\/\/elreporterohgo.com\/noticias\/author\/jsabino\/\" title=\"Entradas de Juan Sabino Cruz\" rel=\"author\">Juan Sabino Cruz<\/a><\/span><span class=\"meta-item comments has-icon\"><a href=\"https:\/\/elreporterohgo.com\/noticias\/2026\/09\/02\/renuevan-aulas-de-educacion-inicial-en-santa-barbara-tendran-nueva-losa\/#respond\"><i class=\"tsi tsi-comment-o\"><\/i>0<\/a><\/span><\/div><\/div>\t\t\t\n\t\t\t\t\t\t\n\t\t\t\t<div class=\"excerpt\">\n\t\t\t\t\t<p>Emiliano Zapata, Hgo.\u2013 Con una rehabilitaci\u00f3n integral que contempla la construcci\u00f3n de una nueva losa, arrancaron los trabajos de mejoramiento de&hellip;<\/p>\n\t\t\t\t<\/div>\n\t\t\t\n\t\t\t\n\t\t\t\n\t\t<\/div>\n\n\t\n<\/article>\n\t\t\t\t\n\t\t\t\n<article class=\"l-post list-post list-post-on-sm m-pos-left\">\n\n\t\n\t\t\t<div class=\"media\">\n\n\t\t\n\t\t\t<a href=\"https:\/\/elreporterohgo.com\/noticias\/2026\/08\/23\/mas-herramientas-para-la-autonomia-de-las-mujeres\/\" class=\"image-link media-ratio ratio-3-2\" title=\"M\u00e1s herramientas para la autonom\u00eda de las mujeres\"><img loading=\"lazy\" decoding=\"async\" width=\"300\" height=\"200\" src=\"https:\/\/elreporterohgo.com\/noticias\/wp-content\/uploads\/2026\/08\/ZZZZZZZZZZZZZZZZZZZZZZZZZZZZZZZZ-300x249.jpg\" class=\"attachment-medium size-medium wp-post-image\" alt=\"\" sizes=\"(max-width: 300px) 100vw, 300px\" title=\"M\u00e1s herramientas para la autonom\u00eda de las mujeres\" srcset=\"https:\/\/elreporterohgo.com\/noticias\/wp-content\/uploads\/2026\/08\/ZZZZZZZZZZZZZZZZZZZZZZZZZZZZZZZZ-300x249.jpg 300w, https:\/\/elreporterohgo.com\/noticias\/wp-content\/uploads\/2026\/08\/ZZZZZZZZZZZZZZZZZZZZZZZZZZZZZZZZ-1024x851.jpg 1024w, https:\/\/elreporterohgo.com\/noticias\/wp-content\/uploads\/2026\/08\/ZZZZZZZZZZZZZZZZZZZZZZZZZZZZZZZZ-768x639.jpg 768w, https:\/\/elreporterohgo.com\/noticias\/wp-content\/uploads\/2026\/08\/ZZZZZZZZZZZZZZZZZZZZZZZZZZZZZZZZ-1536x1277.jpg 1536w, https:\/\/elreporterohgo.com\/noticias\/wp-content\/uploads\/2026\/08\/ZZZZZZZZZZZZZZZZZZZZZZZZZZZZZZZZ-450x374.jpg 450w, https:\/\/elreporterohgo.com\/noticias\/wp-content\/uploads\/2026\/08\/ZZZZZZZZZZZZZZZZZZZZZZZZZZZZZZZZ-1200x998.jpg 1200w, https:\/\/elreporterohgo.com\/noticias\/wp-content\/uploads\/2026\/08\/ZZZZZZZZZZZZZZZZZZZZZZZZZZZZZZZZ.jpg 1620w\" \/><\/a>\t\t\t\n\t\t\t\n\t\t\t\n\t\t\t\t\t\t\t\n\t\t\t\t<span class=\"cat-labels cat-labels-overlay c-overlay p-bot-left\">\n\t\t\t\t<a href=\"https:\/\/elreporterohgo.com\/noticias\/category\/hidalgo\/\" class=\"category term-color-10\" rel=\"category\" tabindex=\"-1\">Hidalgo<\/a>\n\t\t\t<\/span>\n\t\t\t\t\t\t\n\t\t\t\n\t\t\n\t\t<\/div>\n\t\n\n\t\n\t\t<div class=\"content\">\n\n\t\t\t<div class=\"post-meta post-meta-a has-below\"><h2 class=\"is-title post-title\"><a href=\"https:\/\/elreporterohgo.com\/noticias\/2026\/08\/23\/mas-herramientas-para-la-autonomia-de-las-mujeres\/\">M\u00e1s herramientas para la autonom\u00eda de las mujeres<\/a><\/h2><div class=\"post-meta-items meta-below\"><span class=\"has-next-icon meta-item post-author\"><a href=\"https:\/\/elreporterohgo.com\/noticias\/author\/jsabino\/\" title=\"Entradas de Juan Sabino Cruz\" rel=\"author\">Juan Sabino Cruz<\/a><\/span><span class=\"meta-item comments has-icon\"><a href=\"https:\/\/elreporterohgo.com\/noticias\/2026\/08\/23\/mas-herramientas-para-la-autonomia-de-las-mujeres\/#respond\"><i class=\"tsi tsi-comment-o\"><\/i>0<\/a><\/span><\/div><\/div>\t\t\t\n\t\t\t\t\t\t\n\t\t\t\t<div class=\"excerpt\">\n\t\t\t\t\t<p>EMILIANO ZAPATA, Hgo. &#8211; La Instancia Municipal para el Desarrollo de las Mujeres en coordinaci\u00f3n con la Regidora Olga y con&hellip;<\/p>\n\t\t\t\t<\/div>\n\t\t\t\n\t\t\t\n\t\t\t\n\t\t<\/div>\n\n\t\n<\/article>\n\t\t\t\t\n\t\t\t\n<article class=\"l-post list-post list-post-on-sm m-pos-left\">\n\n\t\n\t\t\t<div class=\"media\">\n\n\t\t\n\t\t\t<a href=\"https:\/\/elreporterohgo.com\/noticias\/2026\/08\/21\/emiliano-zapata-participo-en-jornada-nacional-de-capacitacion-de-procuradurias-municipales\/\" class=\"image-link media-ratio ratio-3-2\" title=\"Emiliano Zapata participo en Jornada Nacional de Capacitaci\u00f3n de Procuradur\u00edas Municipales\"><img loading=\"lazy\" decoding=\"async\" width=\"300\" height=\"200\" src=\"https:\/\/elreporterohgo.com\/noticias\/wp-content\/uploads\/2026\/08\/9f442bff-fec3-4b5f-b3c8-92f52b14c5f5-300x249.jpg\" class=\"attachment-medium size-medium wp-post-image\" alt=\"\" sizes=\"(max-width: 300px) 100vw, 300px\" title=\"Emiliano Zapata participo en Jornada Nacional de Capacitaci\u00f3n de Procuradur\u00edas Municipales\" srcset=\"https:\/\/elreporterohgo.com\/noticias\/wp-content\/uploads\/2026\/08\/9f442bff-fec3-4b5f-b3c8-92f52b14c5f5-300x249.jpg 300w, https:\/\/elreporterohgo.com\/noticias\/wp-content\/uploads\/2026\/08\/9f442bff-fec3-4b5f-b3c8-92f52b14c5f5-768x637.jpg 768w, https:\/\/elreporterohgo.com\/noticias\/wp-content\/uploads\/2026\/08\/9f442bff-fec3-4b5f-b3c8-92f52b14c5f5-450x373.jpg 450w, https:\/\/elreporterohgo.com\/noticias\/wp-content\/uploads\/2026\/08\/9f442bff-fec3-4b5f-b3c8-92f52b14c5f5.jpg 960w\" \/><\/a>\t\t\t\n\t\t\t\n\t\t\t\n\t\t\t\t\t\t\t\n\t\t\t\t<span class=\"cat-labels cat-labels-overlay c-overlay p-bot-left\">\n\t\t\t\t<a href=\"https:\/\/elreporterohgo.com\/noticias\/category\/hidalgo\/\" class=\"category term-color-10\" rel=\"category\" tabindex=\"-1\">Hidalgo<\/a>\n\t\t\t<\/span>\n\t\t\t\t\t\t\n\t\t\t\n\t\t\n\t\t<\/div>\n\t\n\n\t\n\t\t<div class=\"content\">\n\n\t\t\t<div class=\"post-meta post-meta-a has-below\"><h2 class=\"is-title post-title\"><a href=\"https:\/\/elreporterohgo.com\/noticias\/2026\/08\/21\/emiliano-zapata-participo-en-jornada-nacional-de-capacitacion-de-procuradurias-municipales\/\">Emiliano Zapata participo en Jornada Nacional de Capacitaci\u00f3n de Procuradur\u00edas Municipales<\/a><\/h2><div class=\"post-meta-items meta-below\"><span class=\"has-next-icon meta-item post-author\"><a href=\"https:\/\/elreporterohgo.com\/noticias\/author\/jsabino\/\" title=\"Entradas de Juan Sabino Cruz\" rel=\"author\">Juan Sabino Cruz<\/a><\/span><span class=\"meta-item comments has-icon\"><a href=\"https:\/\/elreporterohgo.com\/noticias\/2026\/08\/21\/emiliano-zapata-participo-en-jornada-nacional-de-capacitacion-de-procuradurias-municipales\/#respond\"><i class=\"tsi tsi-comment-o\"><\/i>0<\/a><\/span><\/div><\/div>\t\t\t\n\t\t\t\t\t\t\n\t\t\t\t<div class=\"excerpt\">\n\t\t\t\t\t<p>Ah\u00ed estuvo presente Jorge Luis Castillo EMILIANO ZAPATA, Hgo. &#8211; En d\u00edas pasados, el Procurador Municipal de Protecci\u00f3n de Ni\u00f1as, Ni\u00f1os&hellip;<\/p>\n\t\t\t\t<\/div>\n\t\t\t\n\t\t\t\n\t\t\t\n\t\t<\/div>\n\n\t\n<\/article>\n\t\t\t\t\n\t\t\t\n<article class=\"l-post list-post list-post-on-sm m-pos-left\">\n\n\t\n\t\t\t<div class=\"media\">\n\n\t\t\n\t\t\t<a href=\"https:\/\/elreporterohgo.com\/noticias\/2026\/08\/21\/tepeapulco-fortalece-planeacion-municipal-con-actualizacion-del-pmd-2024-2027\/\" class=\"image-link media-ratio ratio-3-2\" title=\"Tepeapulco fortalece planeaci\u00f3n municipal con actualizaci\u00f3n del PMD 2024\u20132027\"><img loading=\"lazy\" decoding=\"async\" width=\"300\" height=\"200\" src=\"https:\/\/elreporterohgo.com\/noticias\/wp-content\/uploads\/2026\/08\/zzzzzzzzzzzzzzzzwqw-300x206.jpg\" class=\"attachment-medium size-medium wp-post-image\" alt=\"\" sizes=\"(max-width: 300px) 100vw, 300px\" title=\"Tepeapulco fortalece planeaci\u00f3n municipal con actualizaci\u00f3n del PMD 2024\u20132027\" srcset=\"https:\/\/elreporterohgo.com\/noticias\/wp-content\/uploads\/2026\/08\/zzzzzzzzzzzzzzzzwqw-300x206.jpg 300w, https:\/\/elreporterohgo.com\/noticias\/wp-content\/uploads\/2026\/08\/zzzzzzzzzzzzzzzzwqw-1024x703.jpg 1024w, https:\/\/elreporterohgo.com\/noticias\/wp-content\/uploads\/2026\/08\/zzzzzzzzzzzzzzzzwqw-768x527.jpg 768w, https:\/\/elreporterohgo.com\/noticias\/wp-content\/uploads\/2026\/08\/zzzzzzzzzzzzzzzzwqw-1536x1054.jpg 1536w, https:\/\/elreporterohgo.com\/noticias\/wp-content\/uploads\/2026\/08\/zzzzzzzzzzzzzzzzwqw-150x103.jpg 150w, https:\/\/elreporterohgo.com\/noticias\/wp-content\/uploads\/2026\/08\/zzzzzzzzzzzzzzzzwqw-450x309.jpg 450w, https:\/\/elreporterohgo.com\/noticias\/wp-content\/uploads\/2026\/08\/zzzzzzzzzzzzzzzzwqw-1200x823.jpg 1200w, https:\/\/elreporterohgo.com\/noticias\/wp-content\/uploads\/2026\/08\/zzzzzzzzzzzzzzzzwqw.jpg 1650w\" \/><\/a>\t\t\t\n\t\t\t\n\t\t\t\n\t\t\t\t\t\t\t\n\t\t\t\t<span class=\"cat-labels cat-labels-overlay c-overlay p-bot-left\">\n\t\t\t\t<a href=\"https:\/\/elreporterohgo.com\/noticias\/category\/hidalgo\/\" class=\"category term-color-10\" rel=\"category\" tabindex=\"-1\">Hidalgo<\/a>\n\t\t\t<\/span>\n\t\t\t\t\t\t\n\t\t\t\n\t\t\n\t\t<\/div>\n\t\n\n\t\n\t\t<div class=\"content\">\n\n\t\t\t<div class=\"post-meta post-meta-a has-below\"><h2 class=\"is-title post-title\"><a href=\"https:\/\/elreporterohgo.com\/noticias\/2026\/08\/21\/tepeapulco-fortalece-planeacion-municipal-con-actualizacion-del-pmd-2024-2027\/\">Tepeapulco fortalece planeaci\u00f3n municipal con actualizaci\u00f3n del PMD 2024\u20132027<\/a><\/h2><div class=\"post-meta-items meta-below\"><span class=\"has-next-icon meta-item post-author\"><a href=\"https:\/\/elreporterohgo.com\/noticias\/author\/jsabino\/\" title=\"Entradas de Juan Sabino Cruz\" rel=\"author\">Juan Sabino Cruz<\/a><\/span><span class=\"meta-item comments has-icon\"><a href=\"https:\/\/elreporterohgo.com\/noticias\/2026\/08\/21\/tepeapulco-fortalece-planeacion-municipal-con-actualizacion-del-pmd-2024-2027\/#respond\"><i class=\"tsi tsi-comment-o\"><\/i>0<\/a><\/span><\/div><\/div>\t\t\t\n\t\t\t\t\t\t\n\t\t\t\t<div class=\"excerpt\">\n\t\t\t\t\t<p>&#8211; El Presidente Municipal encabez\u00f3 la Segunda Sesi\u00f3n Ordinaria del COPLADEM 2026. &#8211; Se aprob\u00f3 la actualizaci\u00f3n del Plan Municipal de&hellip;<\/p>\n\t\t\t\t<\/div>\n\t\t\t\n\t\t\t\n\t\t\t\n\t\t<\/div>\n\n\t\n<\/article>\n\t\t\n\t<\/div>\n\n\t\t\t\t\t<\/div>\n\n\t\t<\/section>\n\t\t\t\t\t\t<\/div>\n\t\t\t\t<\/div>\n\t\t\t\t<div class=\"elementor-element elementor-element-57f07ca elementor-widget elementor-widget-spacer\" data-id=\"57f07ca\" data-element_type=\"widget\" data-widget_type=\"spacer.default\">\n\t\t\t\t\t\t\t<div class=\"elementor-spacer\">\n\t\t\t<div class=\"elementor-spacer-inner\"><\/div>\n\t\t<\/div>\n\t\t\t\t\t\t<\/div>\n\t\t\t\t\t<\/div>\n\t\t<\/div>\n\t\t\t\t<div class=\"elementor-column elementor-col-33 elementor-top-column elementor-element elementor-element-ca6b821 main-sidebar main-sidebar ts-sticky-col\" data-id=\"ca6b821\" data-element_type=\"column\">\n\t\t\t<div class=\"elementor-widget-wrap elementor-element-populated\">\n\t\t\t\t\t\t<div class=\"elementor-element elementor-element-272bcb3 elementor-widget elementor-widget-image\" data-id=\"272bcb3\" data-element_type=\"widget\" data-widget_type=\"image.default\">\n\t\t\t\t\t\t\t\t\t\t\t\t\t\t\t\t<a href=\"https:\/\/cuartoinforme.hidalgo.gob.mx\/\">\n\t\t\t\t\t\t\t<img loading=\"lazy\" decoding=\"async\" class=\"attachment-large size-large wp-image-83792 lazyload\" width=\"625\" height=\"521\" src=\"data:image\/svg+xml;base64,PHN2ZyB2aWV3Qm94PScwIDAgNjI1IDUyMScgeG1sbnM9J2h0dHA6Ly93d3cudzMub3JnLzIwMDAvc3ZnJz48L3N2Zz4=\" alt srcset=\"https:\/\/elreporterohgo.com\/noticias\/wp-content\/uploads\/2026\/08\/ADS-316km-carreteras-300x250-1.png 625w, https:\/\/elreporterohgo.com\/noticias\/wp-content\/uploads\/2026\/08\/ADS-316km-carreteras-300x250-1-300x250.png 300w, https:\/\/elreporterohgo.com\/noticias\/wp-content\/uploads\/2026\/08\/ADS-316km-carreteras-300x250-1-150x125.png 150w, https:\/\/elreporterohgo.com\/noticias\/wp-content\/uploads\/2026\/08\/ADS-316km-carreteras-300x250-1-450x375.png 450w\" sizes=\"(max-width: 625px) 100vw, 625px\" data-src=\"https:\/\/elreporterohgo.com\/noticias\/wp-content\/uploads\/2026\/08\/ADS-316km-carreteras-300x250-1.png\" \/>\t\t\t\t\t\t\t\t<\/a>\n\t\t\t\t\t\t\t\t\t\t\t\t\t\t\t<\/div>\n\t\t\t\t<div class=\"elementor-element elementor-element-c4825b5 elementor-widget elementor-widget-spacer\" data-id=\"c4825b5\" data-element_type=\"widget\" data-widget_type=\"spacer.default\">\n\t\t\t\t\t\t\t<div class=\"elementor-spacer\">\n\t\t\t<div class=\"elementor-spacer-inner\"><\/div>\n\t\t<\/div>\n\t\t\t\t\t\t<\/div>\n\t\t\t\t<div class=\"elementor-element elementor-element-61d8764 elementor-widget elementor-widget-smartmag-highlights\" data-id=\"61d8764\" data-element_type=\"widget\" data-widget_type=\"smartmag-highlights.default\">\n\t\t\t\t<div class=\"elementor-widget-container\">\n\t\t\t\t\t\t\t<section class=\"block-wrap block-highlights block-sc\" data-id=\"4\" data-is-mixed=\"1\">\n\n\t\t\t\t\t\t\t\t\n\t\t\t\t\t\t\t\n\t\t\t\t<div class=\"block-head block-head-ac block-head-g is-left\">\n\n\t\t\t\t\t<h4 class=\"heading\">CULTURA<\/h4>\t\t\t\t\t\n\t\t\t\t\t\t\t\t\t<\/div>\n\t\t\t\t\n\t\t\t\n\t\t\t\n\t\t\t<div class=\"block-content\">\n\t\t\t\t\t\n\t<div class=\"loops-mixed\">\n\t\t\t\n\t<div class=\"loop loop-grid loop-grid-base grid grid-1 md:grid-1 xs:grid-1\">\n\n\t\t\t\t\t\n<article class=\"l-post grid-post grid-base-post\">\n\n\t\n\t\t\t<div class=\"media\">\n\n\t\t\n\t\t\t<a href=\"https:\/\/elreporterohgo.com\/noticias\/2026\/07\/04\/tradicionales-enchiladas-de-dona-marta-un-sabor-que-distingue-a-apan\/\" class=\"image-link media-ratio ratio-16-9\" title=\"Tradicionales enchiladas de Do\u00f1a Marta, un sabor que distingue a Apan\"><img loading=\"lazy\" decoding=\"async\" width=\"377\" height=\"212\" src=\"https:\/\/elreporterohgo.com\/noticias\/wp-content\/uploads\/2026\/07\/af69105e-2080-497c-abbd-0c01e116be6f-450x338.jpg\" class=\"attachment-bunyad-medium size-bunyad-medium wp-post-image\" alt=\"\" sizes=\"(max-width: 377px) 100vw, 377px\" title=\"Tradicionales enchiladas de Do\u00f1a Marta, un sabor que distingue a Apan\" srcset=\"https:\/\/elreporterohgo.com\/noticias\/wp-content\/uploads\/2026\/07\/af69105e-2080-497c-abbd-0c01e116be6f-450x338.jpg 450w, https:\/\/elreporterohgo.com\/noticias\/wp-content\/uploads\/2026\/07\/af69105e-2080-497c-abbd-0c01e116be6f-300x225.jpg 300w, https:\/\/elreporterohgo.com\/noticias\/wp-content\/uploads\/2026\/07\/af69105e-2080-497c-abbd-0c01e116be6f-1024x768.jpg 1024w, https:\/\/elreporterohgo.com\/noticias\/wp-content\/uploads\/2026\/07\/af69105e-2080-497c-abbd-0c01e116be6f-768x576.jpg 768w, https:\/\/elreporterohgo.com\/noticias\/wp-content\/uploads\/2026\/07\/af69105e-2080-497c-abbd-0c01e116be6f-1200x900.jpg 1200w, https:\/\/elreporterohgo.com\/noticias\/wp-content\/uploads\/2026\/07\/af69105e-2080-497c-abbd-0c01e116be6f.jpg 1280w\" \/><\/a>\t\t\t\n\t\t\t\n\t\t\t\n\t\t\t\t\t\t\t\n\t\t\t\t<span class=\"cat-labels cat-labels-overlay c-overlay p-bot-left\">\n\t\t\t\t<a href=\"https:\/\/elreporterohgo.com\/noticias\/category\/cultura\/\" class=\"category term-color-4\" rel=\"category\" tabindex=\"-1\">Cultura<\/a>\n\t\t\t<\/span>\n\t\t\t\t\t\t\n\t\t\t\n\t\t\n\t\t<\/div>\n\t\n\n\t\n\t\t<div class=\"content\">\n\n\t\t\t<div class=\"post-meta post-meta-a has-below\"><h2 class=\"is-title post-title\"><a href=\"https:\/\/elreporterohgo.com\/noticias\/2026\/07\/04\/tradicionales-enchiladas-de-dona-marta-un-sabor-que-distingue-a-apan\/\">Tradicionales enchiladas de Do\u00f1a Marta, un sabor que distingue a Apan<\/a><\/h2><div class=\"post-meta-items meta-below\"><span class=\"has-next-icon meta-item post-author\"><a href=\"https:\/\/elreporterohgo.com\/noticias\/author\/jsabino\/\" title=\"Entradas de Juan Sabino Cruz\" rel=\"author\">Juan Sabino Cruz<\/a><\/span><span class=\"meta-item comments has-icon\"><a href=\"https:\/\/elreporterohgo.com\/noticias\/2026\/07\/04\/tradicionales-enchiladas-de-dona-marta-un-sabor-que-distingue-a-apan\/#respond\"><i class=\"tsi tsi-comment-o\"><\/i>0<\/a><\/span><\/div><\/div>\t\t\t\n\t\t\t\t\t\t\n\t\t\t\t<div class=\"excerpt\">\n\t\t\t\t\t<p>Por Juan Sabino Cruz Apan, Hidalgo. En el coraz\u00f3n&hellip;<\/p>\n\t\t\t\t<\/div>\n\t\t\t\n\t\t\t\n\t\t\t\n\t\t<\/div>\n\n\t\n<\/article>\t\t\n\t<\/div>\n\n\t\t\n\n\t<div class=\"loop loop-small loop-small-a loop-sep loop-small-sep grid grid-1 md:grid-1 sm:grid-1 xs:grid-1\">\n\n\t\t\t\t\t\n<article class=\"l-post small-post small-a-post m-pos-left\">\n\n\t\n\t\t\t<div class=\"media\">\n\n\t\t\n\t\t\t<a href=\"https:\/\/elreporterohgo.com\/noticias\/2026\/05\/23\/iteshu-impulsa-innovacion-estudiantil-con-innovatecnm-2026\/\" class=\"image-link media-ratio ar-bunyad-thumb\" title=\"ITESHU impulsa innovaci\u00f3n estudiantil con InnovaTecNM 2026\"><img loading=\"lazy\" decoding=\"async\" width=\"110\" height=\"76\" src=\"https:\/\/elreporterohgo.com\/noticias\/wp-content\/uploads\/2026\/05\/zzzzzzzzzzzzzzzzzzzzzzzzzzzzzzzzzzzzzzzzzzzzzzzzzzzzzzzzzzzzzzzzzzzzzzzzzzzzzzzzzzzzzzzzzzzzzzzzzzzzzzzzzzzz-2-300x181.jpg\" class=\"attachment-medium size-medium wp-post-image\" alt=\"\" sizes=\"(max-width: 110px) 100vw, 110px\" title=\"ITESHU impulsa innovaci\u00f3n estudiantil con InnovaTecNM 2026\" srcset=\"https:\/\/elreporterohgo.com\/noticias\/wp-content\/uploads\/2026\/05\/zzzzzzzzzzzzzzzzzzzzzzzzzzzzzzzzzzzzzzzzzzzzzzzzzzzzzzzzzzzzzzzzzzzzzzzzzzzzzzzzzzzzzzzzzzzzzzzzzzzzzzzzzzzz-2-300x181.jpg 300w, https:\/\/elreporterohgo.com\/noticias\/wp-content\/uploads\/2026\/05\/zzzzzzzzzzzzzzzzzzzzzzzzzzzzzzzzzzzzzzzzzzzzzzzzzzzzzzzzzzzzzzzzzzzzzzzzzzzzzzzzzzzzzzzzzzzzzzzzzzzzzzzzzzzz-2-1024x617.jpg 1024w, https:\/\/elreporterohgo.com\/noticias\/wp-content\/uploads\/2026\/05\/zzzzzzzzzzzzzzzzzzzzzzzzzzzzzzzzzzzzzzzzzzzzzzzzzzzzzzzzzzzzzzzzzzzzzzzzzzzzzzzzzzzzzzzzzzzzzzzzzzzzzzzzzzzz-2-768x462.jpg 768w, https:\/\/elreporterohgo.com\/noticias\/wp-content\/uploads\/2026\/05\/zzzzzzzzzzzzzzzzzzzzzzzzzzzzzzzzzzzzzzzzzzzzzzzzzzzzzzzzzzzzzzzzzzzzzzzzzzzzzzzzzzzzzzzzzzzzzzzzzzzzzzzzzzzz-2-1536x925.jpg 1536w, https:\/\/elreporterohgo.com\/noticias\/wp-content\/uploads\/2026\/05\/zzzzzzzzzzzzzzzzzzzzzzzzzzzzzzzzzzzzzzzzzzzzzzzzzzzzzzzzzzzzzzzzzzzzzzzzzzzzzzzzzzzzzzzzzzzzzzzzzzzzzzzzzzzz-2-150x90.jpg 150w, https:\/\/elreporterohgo.com\/noticias\/wp-content\/uploads\/2026\/05\/zzzzzzzzzzzzzzzzzzzzzzzzzzzzzzzzzzzzzzzzzzzzzzzzzzzzzzzzzzzzzzzzzzzzzzzzzzzzzzzzzzzzzzzzzzzzzzzzzzzzzzzzzzzz-2-450x271.jpg 450w, https:\/\/elreporterohgo.com\/noticias\/wp-content\/uploads\/2026\/05\/zzzzzzzzzzzzzzzzzzzzzzzzzzzzzzzzzzzzzzzzzzzzzzzzzzzzzzzzzzzzzzzzzzzzzzzzzzzzzzzzzzzzzzzzzzzzzzzzzzzzzzzzzzzz-2-1200x723.jpg 1200w, https:\/\/elreporterohgo.com\/noticias\/wp-content\/uploads\/2026\/05\/zzzzzzzzzzzzzzzzzzzzzzzzzzzzzzzzzzzzzzzzzzzzzzzzzzzzzzzzzzzzzzzzzzzzzzzzzzzzzzzzzzzzzzzzzzzzzzzzzzzzzzzzzzzz-2.jpg 1920w\" \/><\/a>\t\t\t\n\t\t\t\n\t\t\t\n\t\t\t\n\t\t\n\t\t<\/div>\n\t\n\n\t\n\t\t<div class=\"content\">\n\n\t\t\t<div class=\"post-meta post-meta-a post-meta-left has-below\"><h4 class=\"is-title post-title\"><a href=\"https:\/\/elreporterohgo.com\/noticias\/2026\/05\/23\/iteshu-impulsa-innovacion-estudiantil-con-innovatecnm-2026\/\">ITESHU impulsa innovaci\u00f3n estudiantil con InnovaTecNM 2026<\/a><\/h4><div class=\"post-meta-items meta-below\"><span class=\"meta-item date\"><span class=\"date-link\"><time class=\"post-date\" datetime=\"2026-05-23T18:35:22-06:00\">23 mayo, 2026<\/time><\/span><\/span><\/div><\/div>\t\t\t\n\t\t\t\n\t\t\t\n\t\t<\/div>\n\n\t\n<\/article>\t\n\t\t\n\t<\/div>\n\n\t\t\t<\/div>\n\n\n\t\t\t\t<\/div>\n\n\t\t<\/section>\n\t\t\t\t\t\t<\/div>\n\t\t\t\t<\/div>\n\t\t\t\t<div class=\"elementor-element elementor-element-f3ee01f elementor-widget elementor-widget-image\" data-id=\"f3ee01f\" data-element_type=\"widget\" data-widget_type=\"image.default\">\n\t\t\t\t\t\t\t\t\t\t\t\t\t\t\t\t<a href=\"https:\/\/cuartoinforme.hidalgo.gob.mx\/\">\n\t\t\t\t\t\t\t<img loading=\"lazy\" decoding=\"async\" class=\"attachment-large size-large wp-image-83793 lazyload\" width=\"625\" height=\"521\" src=\"data:image\/svg+xml;base64,PHN2ZyB2aWV3Qm94PScwIDAgNjI1IDUyMScgeG1sbnM9J2h0dHA6Ly93d3cudzMub3JnLzIwMDAvc3ZnJz48L3N2Zz4=\" alt srcset=\"https:\/\/elreporterohgo.com\/noticias\/wp-content\/uploads\/2026\/08\/ADS-86-mil-becas-300x250-1.png 625w, https:\/\/elreporterohgo.com\/noticias\/wp-content\/uploads\/2026\/08\/ADS-86-mil-becas-300x250-1-300x250.png 300w, https:\/\/elreporterohgo.com\/noticias\/wp-content\/uploads\/2026\/08\/ADS-86-mil-becas-300x250-1-150x125.png 150w, https:\/\/elreporterohgo.com\/noticias\/wp-content\/uploads\/2026\/08\/ADS-86-mil-becas-300x250-1-450x375.png 450w\" sizes=\"(max-width: 625px) 100vw, 625px\" data-src=\"https:\/\/elreporterohgo.com\/noticias\/wp-content\/uploads\/2026\/08\/ADS-86-mil-becas-300x250-1.png\" \/>\t\t\t\t\t\t\t\t<\/a>\n\t\t\t\t\t\t\t\t\t\t\t\t\t\t\t<\/div>\n\t\t\t\t\t<\/div>\n\t\t<\/div>\n\t\t\t\t\t<\/div>\n\t\t<\/section>\n\t\t\t\t<section class=\"has-el-gap el-gap-default elementor-section elementor-top-section elementor-element elementor-element-f105c05 elementor-section-boxed elementor-section-height-default elementor-section-height-default\" data-id=\"f105c05\" data-element_type=\"section\">\n\t\t\t\t\t\t<div class=\"elementor-container elementor-column-gap-no\">\n\t\t\t\t\t<div class=\"elementor-column elementor-col-66 elementor-top-column elementor-element elementor-element-e330216 main-content\" data-id=\"e330216\" data-element_type=\"column\">\n\t\t\t<div class=\"elementor-widget-wrap elementor-element-populated\">\n\t\t\t\t\t\t<div class=\"elementor-element elementor-element-e18bd02 elementor-widget elementor-widget-spacer\" data-id=\"e18bd02\" data-element_type=\"widget\" data-widget_type=\"spacer.default\">\n\t\t\t\t\t\t\t<div class=\"elementor-spacer\">\n\t\t\t<div class=\"elementor-spacer-inner\"><\/div>\n\t\t<\/div>\n\t\t\t\t\t\t<\/div>\n\t\t\t\t<div class=\"elementor-element elementor-element-8cd055d elementor-widget elementor-widget-smartmag-newsfocus\" data-id=\"8cd055d\" data-element_type=\"widget\" data-widget_type=\"smartmag-newsfocus.default\">\n\t\t\t\t<div class=\"elementor-widget-container\">\n\t\t\t\t\t\t\t<section class=\"block-wrap block-news-focus block-sc\" data-id=\"7\" data-block=\"{&quot;id&quot;:&quot;news-focus&quot;,&quot;props&quot;:{&quot;cat_labels&quot;:1,&quot;cat_labels_pos&quot;:&quot;bot-left&quot;,&quot;reviews&quot;:&quot;radial&quot;,&quot;post_formats_pos&quot;:&quot;center&quot;,&quot;load_more_style&quot;:&quot;a&quot;,&quot;meta_cat_style&quot;:&quot;text&quot;,&quot;media_style_shadow&quot;:0,&quot;meta_sponsor&quot;:1,&quot;meta_sponsor_logo&quot;:0,&quot;meta_sponsor_label&quot;:&quot;Sponsor: {sponsor}&quot;,&quot;meta_above&quot;:[],&quot;meta_below&quot;:[&quot;author&quot;,&quot;comments&quot;],&quot;meta_sponsor_above&quot;:[],&quot;meta_sponsor_below&quot;:[&quot;sponsor&quot;],&quot;container_width&quot;:66,&quot;heading_colors&quot;:&quot;force&quot;,&quot;heading&quot;:&quot;INTERNACIONAL&quot;,&quot;separators&quot;:&quot;1&quot;,&quot;filters&quot;:&quot;category&quot;,&quot;filters_terms&quot;:[&quot;3&quot;,&quot;8&quot;,&quot;67&quot;],&quot;terms&quot;:[&quot;66&quot;],&quot;posts&quot;:4,&quot;pagination_type&quot;:null,&quot;pagination_links&quot;:null,&quot;excerpt_length&quot;:15,&quot;meta_sponsor_items_default&quot;:true,&quot;query_type&quot;:&quot;custom&quot;,&quot;sort_days&quot;:null,&quot;is_sc_call&quot;:true,&quot;meta_items_default&quot;:true}}\" data-is-mixed=\"1\">\n\n\t\t\t\t\t\t\t\t\n\t\t\t\t\t\t\t\n\t\t\t\t<div class=\"block-head block-head-c is-left\">\n\n\t\t\t\t\t<h4 class=\"heading\">INTERNACIONAL<\/h4>\t\t\t\t\t\t\t\t\n\t\t\t<ul class=\"subcats filters\">\n\t\t\t\t<li><a href=\"#\" data-id=\"0\" class=\"active\">All<\/a><\/li>\n\t\t\t\t<li><a href=\"https:\/\/elreporterohgo.com\/noticias\/category\/sociales\/\" data-id=\"3\">Sociales<\/a><\/li>\n<li><a href=\"https:\/\/elreporterohgo.com\/noticias\/category\/nacional\/\" data-id=\"8\">Nacional<\/a><\/li>\n<li><a href=\"https:\/\/elreporterohgo.com\/noticias\/category\/deportes\/\" data-id=\"67\">Deportes<\/a><\/li>\t\t\t<\/ul>\n\t\t\t\n\t\t\t\n\t\t\t\t\t\t\t\t\t<\/div>\n\t\t\t\t\n\t\t\t\n\t\t\t\n\t\t\t<div class=\"block-content\">\n\t\t\t\t\t\n\t<div class=\"grid cols-not-eq loops-mixed grid-2 md:grid-2 sm:grid-1\">\n\n\t\t\t\n\t<div class=\"loop loop-grid loop-grid-base grid grid-1 md:grid-1 xs:grid-1\">\n\n\t\t\t\t\t\n<article class=\"l-post grid-post grid-base-post\">\n\n\t\n\t\t\t<div class=\"media\">\n\n\t\t\n\t\t\t<a href=\"https:\/\/elreporterohgo.com\/noticias\/2026\/08\/22\/rocha-moya-ni-24-horas-duro-el-regreso-al-gobierno-de-sinaloa\/\" class=\"image-link media-ratio ratio-16-9\" title=\"Rocha Moya: ni 24 horas dur\u00f3 el regreso al gobierno de Sinaloa\"><img loading=\"lazy\" decoding=\"async\" width=\"377\" height=\"212\" src=\"https:\/\/elreporterohgo.com\/noticias\/wp-content\/uploads\/2026\/08\/zzzzzzzzzzzzzzzzzzzzzzzzzzzzzzzzzzzzzzzzzzzzzzzzzzzzzzzzzzzzzzzzzzzzzzzzzzzzzzzzzzzzzzzzzzzzzzzzzzzzzzzzzzzzzzzzzzzzzzzzzzzzzzzzzzzzzzzzzzzzzzzzzzzzzzzzzzzzzzzzzzzzzzzzzzzzzzzzz-450x367.jpg\" class=\"attachment-bunyad-medium size-bunyad-medium wp-post-image\" alt=\"\" sizes=\"(max-width: 377px) 100vw, 377px\" title=\"Rocha Moya: ni 24 horas dur\u00f3 el regreso al gobierno de Sinaloa\" srcset=\"https:\/\/elreporterohgo.com\/noticias\/wp-content\/uploads\/2026\/08\/zzzzzzzzzzzzzzzzzzzzzzzzzzzzzzzzzzzzzzzzzzzzzzzzzzzzzzzzzzzzzzzzzzzzzzzzzzzzzzzzzzzzzzzzzzzzzzzzzzzzzzzzzzzzzzzzzzzzzzzzzzzzzzzzzzzzzzzzzzzzzzzzzzzzzzzzzzzzzzzzzzzzzzzzzzzzzzzzz-450x367.jpg 450w, https:\/\/elreporterohgo.com\/noticias\/wp-content\/uploads\/2026\/08\/zzzzzzzzzzzzzzzzzzzzzzzzzzzzzzzzzzzzzzzzzzzzzzzzzzzzzzzzzzzzzzzzzzzzzzzzzzzzzzzzzzzzzzzzzzzzzzzzzzzzzzzzzzzzzzzzzzzzzzzzzzzzzzzzzzzzzzzzzzzzzzzzzzzzzzzzzzzzzzzzzzzzzzzzzzzzzzzzz-300x245.jpg 300w, https:\/\/elreporterohgo.com\/noticias\/wp-content\/uploads\/2026\/08\/zzzzzzzzzzzzzzzzzzzzzzzzzzzzzzzzzzzzzzzzzzzzzzzzzzzzzzzzzzzzzzzzzzzzzzzzzzzzzzzzzzzzzzzzzzzzzzzzzzzzzzzzzzzzzzzzzzzzzzzzzzzzzzzzzzzzzzzzzzzzzzzzzzzzzzzzzzzzzzzzzzzzzzzzzzzzzzzzz-1024x836.jpg 1024w, https:\/\/elreporterohgo.com\/noticias\/wp-content\/uploads\/2026\/08\/zzzzzzzzzzzzzzzzzzzzzzzzzzzzzzzzzzzzzzzzzzzzzzzzzzzzzzzzzzzzzzzzzzzzzzzzzzzzzzzzzzzzzzzzzzzzzzzzzzzzzzzzzzzzzzzzzzzzzzzzzzzzzzzzzzzzzzzzzzzzzzzzzzzzzzzzzzzzzzzzzzzzzzzzzzzzzzzzz-768x627.jpg 768w, https:\/\/elreporterohgo.com\/noticias\/wp-content\/uploads\/2026\/08\/zzzzzzzzzzzzzzzzzzzzzzzzzzzzzzzzzzzzzzzzzzzzzzzzzzzzzzzzzzzzzzzzzzzzzzzzzzzzzzzzzzzzzzzzzzzzzzzzzzzzzzzzzzzzzzzzzzzzzzzzzzzzzzzzzzzzzzzzzzzzzzzzzzzzzzzzzzzzzzzzzzzzzzzzzzzzzzzzz-1200x979.jpg 1200w, https:\/\/elreporterohgo.com\/noticias\/wp-content\/uploads\/2026\/08\/zzzzzzzzzzzzzzzzzzzzzzzzzzzzzzzzzzzzzzzzzzzzzzzzzzzzzzzzzzzzzzzzzzzzzzzzzzzzzzzzzzzzzzzzzzzzzzzzzzzzzzzzzzzzzzzzzzzzzzzzzzzzzzzzzzzzzzzzzzzzzzzzzzzzzzzzzzzzzzzzzzzzzzzzzzzzzzzzz.jpg 1331w\" \/><\/a>\t\t\t\n\t\t\t\n\t\t\t\n\t\t\t\t\t\t\t\n\t\t\t\t<span class=\"cat-labels cat-labels-overlay c-overlay p-bot-left\">\n\t\t\t\t<a href=\"https:\/\/elreporterohgo.com\/noticias\/category\/hidalgo\/\" class=\"category term-color-10\" rel=\"category\" tabindex=\"-1\">Hidalgo<\/a>\n\t\t\t<\/span>\n\t\t\t\t\t\t\n\t\t\t\n\t\t\n\t\t<\/div>\n\t\n\n\t\n\t\t<div class=\"content\">\n\n\t\t\t<div class=\"post-meta post-meta-a has-below\"><h2 class=\"is-title post-title\"><a href=\"https:\/\/elreporterohgo.com\/noticias\/2026\/08\/22\/rocha-moya-ni-24-horas-duro-el-regreso-al-gobierno-de-sinaloa\/\">Rocha Moya: ni 24 horas dur\u00f3 el regreso al gobierno de Sinaloa<\/a><\/h2><div class=\"post-meta-items meta-below\"><span class=\"has-next-icon meta-item post-author\"><a href=\"https:\/\/elreporterohgo.com\/noticias\/author\/jsabino\/\" title=\"Entradas de Juan Sabino Cruz\" rel=\"author\">Juan Sabino Cruz<\/a><\/span><span class=\"meta-item comments has-icon\"><a href=\"https:\/\/elreporterohgo.com\/noticias\/2026\/08\/22\/rocha-moya-ni-24-horas-duro-el-regreso-al-gobierno-de-sinaloa\/#respond\"><i class=\"tsi tsi-comment-o\"><\/i>0<\/a><\/span><\/div><\/div>\t\t\t\n\t\t\t\t\t\t\n\t\t\t\t<div class=\"excerpt\">\n\t\t\t\t\t<p>Por Juan Sabino Cruz Sinaloa.\u2014 El regreso de Rub\u00e9n Rocha Moya al gobierno de Sinaloa&hellip;<\/p>\n\t\t\t\t<\/div>\n\t\t\t\n\t\t\t\n\t\t\t\n\t\t<\/div>\n\n\t\n<\/article>\t\t\n\t<\/div>\n\n\t\t\n\n\t\t\n\t<div class=\"loop loop-small loop-small-a loop-sep loop-small-sep grid grid-1 md:grid-1 sm:grid-1 xs:grid-1\">\n\n\t\t\t\t\t\n<article class=\"l-post small-post small-a-post m-pos-left\">\n\n\t\n\t\t\t<div class=\"media\">\n\n\t\t\n\t\t\t<a href=\"https:\/\/elreporterohgo.com\/noticias\/2026\/08\/21\/la-nostalgia-nos-invade-con-la-bicicleta-vagabundo\/\" class=\"image-link media-ratio ar-bunyad-thumb\" title=\"La nostalgia nos invade con la bicicleta Vagabundo\"><img loading=\"lazy\" decoding=\"async\" width=\"110\" height=\"76\" src=\"https:\/\/elreporterohgo.com\/noticias\/wp-content\/uploads\/2026\/08\/zzzzzzzzzzzzzzzzzzzzzzzzzzzzzzzzzzzzzzzzzzzzzzzzzzzzzzzzzzzzzzzzzzzzzzzzzzzzzzzzzzzzzzzzzzzzzzzzzzzzzzzzzzzzzzzzzzzzzzzzzzzzzzzzzzzzzzzz-2-300x195.jpg\" class=\"attachment-medium size-medium wp-post-image\" alt=\"\" sizes=\"(max-width: 110px) 100vw, 110px\" title=\"La nostalgia nos invade con la bicicleta Vagabundo\" srcset=\"https:\/\/elreporterohgo.com\/noticias\/wp-content\/uploads\/2026\/08\/zzzzzzzzzzzzzzzzzzzzzzzzzzzzzzzzzzzzzzzzzzzzzzzzzzzzzzzzzzzzzzzzzzzzzzzzzzzzzzzzzzzzzzzzzzzzzzzzzzzzzzzzzzzzzzzzzzzzzzzzzzzzzzzzzzzzzzzz-2-300x195.jpg 300w, https:\/\/elreporterohgo.com\/noticias\/wp-content\/uploads\/2026\/08\/zzzzzzzzzzzzzzzzzzzzzzzzzzzzzzzzzzzzzzzzzzzzzzzzzzzzzzzzzzzzzzzzzzzzzzzzzzzzzzzzzzzzzzzzzzzzzzzzzzzzzzzzzzzzzzzzzzzzzzzzzzzzzzzzzzzzzzzz-2-1024x666.jpg 1024w, https:\/\/elreporterohgo.com\/noticias\/wp-content\/uploads\/2026\/08\/zzzzzzzzzzzzzzzzzzzzzzzzzzzzzzzzzzzzzzzzzzzzzzzzzzzzzzzzzzzzzzzzzzzzzzzzzzzzzzzzzzzzzzzzzzzzzzzzzzzzzzzzzzzzzzzzzzzzzzzzzzzzzzzzzzzzzzzz-2-768x499.jpg 768w, https:\/\/elreporterohgo.com\/noticias\/wp-content\/uploads\/2026\/08\/zzzzzzzzzzzzzzzzzzzzzzzzzzzzzzzzzzzzzzzzzzzzzzzzzzzzzzzzzzzzzzzzzzzzzzzzzzzzzzzzzzzzzzzzzzzzzzzzzzzzzzzzzzzzzzzzzzzzzzzzzzzzzzzzzzzzzzzz-2-1536x998.jpg 1536w, https:\/\/elreporterohgo.com\/noticias\/wp-content\/uploads\/2026\/08\/zzzzzzzzzzzzzzzzzzzzzzzzzzzzzzzzzzzzzzzzzzzzzzzzzzzzzzzzzzzzzzzzzzzzzzzzzzzzzzzzzzzzzzzzzzzzzzzzzzzzzzzzzzzzzzzzzzzzzzzzzzzzzzzzzzzzzzzz-2-150x98.jpg 150w, https:\/\/elreporterohgo.com\/noticias\/wp-content\/uploads\/2026\/08\/zzzzzzzzzzzzzzzzzzzzzzzzzzzzzzzzzzzzzzzzzzzzzzzzzzzzzzzzzzzzzzzzzzzzzzzzzzzzzzzzzzzzzzzzzzzzzzzzzzzzzzzzzzzzzzzzzzzzzzzzzzzzzzzzzzzzzzzz-2-450x293.jpg 450w, https:\/\/elreporterohgo.com\/noticias\/wp-content\/uploads\/2026\/08\/zzzzzzzzzzzzzzzzzzzzzzzzzzzzzzzzzzzzzzzzzzzzzzzzzzzzzzzzzzzzzzzzzzzzzzzzzzzzzzzzzzzzzzzzzzzzzzzzzzzzzzzzzzzzzzzzzzzzzzzzzzzzzzzzzzzzzzzz-2-1200x780.jpg 1200w, https:\/\/elreporterohgo.com\/noticias\/wp-content\/uploads\/2026\/08\/zzzzzzzzzzzzzzzzzzzzzzzzzzzzzzzzzzzzzzzzzzzzzzzzzzzzzzzzzzzzzzzzzzzzzzzzzzzzzzzzzzzzzzzzzzzzzzzzzzzzzzzzzzzzzzzzzzzzzzzzzzzzzzzzzzzzzzzz-2.jpg 1920w\" \/><\/a>\t\t\t\n\t\t\t\n\t\t\t\n\t\t\t\n\t\t\n\t\t<\/div>\n\t\n\n\t\n\t\t<div class=\"content\">\n\n\t\t\t<div class=\"post-meta post-meta-a post-meta-left has-below\"><h4 class=\"is-title post-title\"><a href=\"https:\/\/elreporterohgo.com\/noticias\/2026\/08\/21\/la-nostalgia-nos-invade-con-la-bicicleta-vagabundo\/\">La nostalgia nos invade con la bicicleta Vagabundo<\/a><\/h4><div class=\"post-meta-items meta-below\"><span class=\"meta-item date\"><span class=\"date-link\"><time class=\"post-date\" datetime=\"2026-08-21T13:05:09-06:00\">21 agosto, 2026<\/time><\/span><\/span><\/div><\/div>\t\t\t\n\t\t\t\n\t\t\t\n\t\t<\/div>\n\n\t\n<\/article>\t\n\t\t\t\t\t\n<article class=\"l-post small-post small-a-post m-pos-left\">\n\n\t\n\t\t\t<div class=\"media\">\n\n\t\t\n\t\t\t<a href=\"https:\/\/elreporterohgo.com\/noticias\/2026\/08\/20\/apan-reactiva-oficina-municipal-de-enlace-con-la-sre-para-tramite-de-pasaportes\/\" class=\"image-link media-ratio ar-bunyad-thumb\" title=\"Apan reactiva Oficina Municipal de Enlace con la SRE para tr\u00e1mite de pasaportes\"><img loading=\"lazy\" decoding=\"async\" width=\"110\" height=\"76\" src=\"https:\/\/elreporterohgo.com\/noticias\/wp-content\/uploads\/2026\/08\/WhatsApp-Image-2026-08-20-at-7.54.38-PM-300x225.jpeg\" class=\"attachment-medium size-medium wp-post-image\" alt=\"\" sizes=\"(max-width: 110px) 100vw, 110px\" title=\"Apan reactiva Oficina Municipal de Enlace con la SRE para tr\u00e1mite de pasaportes\" srcset=\"https:\/\/elreporterohgo.com\/noticias\/wp-content\/uploads\/2026\/08\/WhatsApp-Image-2026-08-20-at-7.54.38-PM-300x225.jpeg 300w, https:\/\/elreporterohgo.com\/noticias\/wp-content\/uploads\/2026\/08\/WhatsApp-Image-2026-08-20-at-7.54.38-PM-1024x768.jpeg 1024w, https:\/\/elreporterohgo.com\/noticias\/wp-content\/uploads\/2026\/08\/WhatsApp-Image-2026-08-20-at-7.54.38-PM-768x576.jpeg 768w, https:\/\/elreporterohgo.com\/noticias\/wp-content\/uploads\/2026\/08\/WhatsApp-Image-2026-08-20-at-7.54.38-PM-1536x1152.jpeg 1536w, https:\/\/elreporterohgo.com\/noticias\/wp-content\/uploads\/2026\/08\/WhatsApp-Image-2026-08-20-at-7.54.38-PM-150x113.jpeg 150w, https:\/\/elreporterohgo.com\/noticias\/wp-content\/uploads\/2026\/08\/WhatsApp-Image-2026-08-20-at-7.54.38-PM-450x338.jpeg 450w, https:\/\/elreporterohgo.com\/noticias\/wp-content\/uploads\/2026\/08\/WhatsApp-Image-2026-08-20-at-7.54.38-PM-1200x900.jpeg 1200w, https:\/\/elreporterohgo.com\/noticias\/wp-content\/uploads\/2026\/08\/WhatsApp-Image-2026-08-20-at-7.54.38-PM.jpeg 1600w\" \/><\/a>\t\t\t\n\t\t\t\n\t\t\t\n\t\t\t\n\t\t\n\t\t<\/div>\n\t\n\n\t\n\t\t<div class=\"content\">\n\n\t\t\t<div class=\"post-meta post-meta-a post-meta-left has-below\"><h4 class=\"is-title post-title\"><a href=\"https:\/\/elreporterohgo.com\/noticias\/2026\/08\/20\/apan-reactiva-oficina-municipal-de-enlace-con-la-sre-para-tramite-de-pasaportes\/\">Apan reactiva Oficina Municipal de Enlace con la SRE para tr\u00e1mite de pasaportes<\/a><\/h4><div class=\"post-meta-items meta-below\"><span class=\"meta-item date\"><span class=\"date-link\"><time class=\"post-date\" datetime=\"2026-08-20T20:02:09-06:00\">20 agosto, 2026<\/time><\/span><\/span><\/div><\/div>\t\t\t\n\t\t\t\n\t\t\t\n\t\t<\/div>\n\n\t\n<\/article>\t\n\t\t\t\t\t\n<article class=\"l-post small-post small-a-post m-pos-left\">\n\n\t\n\t\t\t<div class=\"media\">\n\n\t\t\n\t\t\t<a href=\"https:\/\/elreporterohgo.com\/noticias\/2026\/08\/03\/jose-ruben-delgadillo-sanchez-asume-la-presidencia-del-club-rotario-llanos-de-apan\/\" class=\"image-link media-ratio ar-bunyad-thumb\" title=\"Jos\u00e9 Rub\u00e9n Delgadillo S\u00e1nchez asume la presidencia del Club Rotario Llanos de Apan\"><img loading=\"lazy\" decoding=\"async\" width=\"110\" height=\"76\" src=\"https:\/\/elreporterohgo.com\/noticias\/wp-content\/uploads\/2026\/08\/IMG_0807-300x229.jpg\" class=\"attachment-medium size-medium wp-post-image\" alt=\"\" sizes=\"(max-width: 110px) 100vw, 110px\" title=\"Jos\u00e9 Rub\u00e9n Delgadillo S\u00e1nchez asume la presidencia del Club Rotario Llanos de Apan\" srcset=\"https:\/\/elreporterohgo.com\/noticias\/wp-content\/uploads\/2026\/08\/IMG_0807-300x229.jpg 300w, https:\/\/elreporterohgo.com\/noticias\/wp-content\/uploads\/2026\/08\/IMG_0807-1024x782.jpg 1024w, https:\/\/elreporterohgo.com\/noticias\/wp-content\/uploads\/2026\/08\/IMG_0807-768x587.jpg 768w, https:\/\/elreporterohgo.com\/noticias\/wp-content\/uploads\/2026\/08\/IMG_0807-1536x1174.jpg 1536w, https:\/\/elreporterohgo.com\/noticias\/wp-content\/uploads\/2026\/08\/IMG_0807-150x115.jpg 150w, https:\/\/elreporterohgo.com\/noticias\/wp-content\/uploads\/2026\/08\/IMG_0807-450x344.jpg 450w, https:\/\/elreporterohgo.com\/noticias\/wp-content\/uploads\/2026\/08\/IMG_0807-1200x917.jpg 1200w, https:\/\/elreporterohgo.com\/noticias\/wp-content\/uploads\/2026\/08\/IMG_0807.jpg 1920w\" \/><\/a>\t\t\t\n\t\t\t\n\t\t\t\n\t\t\t\n\t\t\n\t\t<\/div>\n\t\n\n\t\n\t\t<div class=\"content\">\n\n\t\t\t<div class=\"post-meta post-meta-a post-meta-left has-below\"><h4 class=\"is-title post-title\"><a href=\"https:\/\/elreporterohgo.com\/noticias\/2026\/08\/03\/jose-ruben-delgadillo-sanchez-asume-la-presidencia-del-club-rotario-llanos-de-apan\/\">Jos\u00e9 Rub\u00e9n Delgadillo S\u00e1nchez asume la presidencia del Club Rotario Llanos de Apan<\/a><\/h4><div class=\"post-meta-items meta-below\"><span class=\"meta-item date\"><span class=\"date-link\"><time class=\"post-date\" datetime=\"2026-08-03T23:51:26-06:00\">3 agosto, 2026<\/time><\/span><\/span><\/div><\/div>\t\t\t\n\t\t\t\n\t\t\t\n\t\t<\/div>\n\n\t\n<\/article>\t\n\t\t\n\t<\/div>\n\n\t\t\t<\/div>\n\t\n\t\t\t\t<\/div>\n\n\t\t<\/section>\n\t\t\t\t\t\t<\/div>\n\t\t\t\t<\/div>\n\t\t\t\t<div class=\"elementor-element elementor-element-cb5b744 elementor-widget elementor-widget-smartmag-focusgrid\" data-id=\"cb5b744\" data-element_type=\"widget\" data-widget_type=\"smartmag-focusgrid.default\">\n\t\t\t\t<div class=\"elementor-widget-container\">\n\t\t\t\t\t\t\t<section class=\"block-wrap block-focus-grid block-sc cols-gap-sm mb-none\" data-id=\"10\" data-is-mixed=\"1\">\n\n\t\t\t\t\t\t\t\t\n\t\t\t\t\t\t\t\n\t\t\t\t<div class=\"block-head block-head-ac block-head-c is-left\">\n\n\t\t\t\t\t<h4 class=\"heading\">SOCIAL<\/h4>\t\t\t\t\t\n\t\t\t\t\t\t\t\t\t\t\t<a href=\"https:\/\/elreporterohgo.com\/noticias\/category\/sociales\/\" class=\"view-link\">\n\t\t\t\t\t\t\tVER M\u00c1S\t\t\t\t\t\t<\/a>\n\t\t\t\t\t\t\t\t\t<\/div>\n\t\t\t\t\n\t\t\t\n\t\t\t\n\t\t\t<div class=\"block-content\">\n\t\t\t\t\t\n\t<div class=\"grid grid-2 sm:grid-1 cols-not-eq loops-mixed\">\n\n\t\t\t\n\t<div class=\"loop loop-grid loop-grid-base grid grid-1 md:grid-1 xs:grid-1\">\n\n\t\t\t\t\t\n<article class=\"l-post grid-post grid-base-post\">\n\n\t\n\t\t\t<div class=\"media\">\n\n\t\t\n\t\t\t<a href=\"https:\/\/elreporterohgo.com\/noticias\/2026\/08\/03\/jose-ruben-delgadillo-sanchez-asume-la-presidencia-del-club-rotario-llanos-de-apan\/\" class=\"image-link media-ratio ratio-16-9\" title=\"Jos\u00e9 Rub\u00e9n Delgadillo S\u00e1nchez asume la presidencia del Club Rotario Llanos de Apan\"><img loading=\"lazy\" decoding=\"async\" width=\"803\" height=\"451\" src=\"https:\/\/elreporterohgo.com\/noticias\/wp-content\/uploads\/2026\/08\/IMG_0807-1024x782.jpg\" class=\"attachment-large size-large wp-post-image\" alt=\"\" sizes=\"(max-width: 803px) 100vw, 803px\" title=\"Jos\u00e9 Rub\u00e9n Delgadillo S\u00e1nchez asume la presidencia del Club Rotario Llanos de Apan\" srcset=\"https:\/\/elreporterohgo.com\/noticias\/wp-content\/uploads\/2026\/08\/IMG_0807-1024x782.jpg 1024w, https:\/\/elreporterohgo.com\/noticias\/wp-content\/uploads\/2026\/08\/IMG_0807-768x587.jpg 768w, https:\/\/elreporterohgo.com\/noticias\/wp-content\/uploads\/2026\/08\/IMG_0807-1536x1174.jpg 1536w, https:\/\/elreporterohgo.com\/noticias\/wp-content\/uploads\/2026\/08\/IMG_0807-1200x917.jpg 1200w, https:\/\/elreporterohgo.com\/noticias\/wp-content\/uploads\/2026\/08\/IMG_0807.jpg 1920w\" \/><\/a>\t\t\t\n\t\t\t\n\t\t\t\n\t\t\t\t\t\t\t\n\t\t\t\t<span class=\"cat-labels cat-labels-overlay c-overlay p-bot-left\">\n\t\t\t\t<a href=\"https:\/\/elreporterohgo.com\/noticias\/category\/hidalgo\/\" class=\"category term-color-10\" rel=\"category\" tabindex=\"-1\">Hidalgo<\/a>\n\t\t\t<\/span>\n\t\t\t\t\t\t\n\t\t\t\n\t\t\n\t\t<\/div>\n\t\n\n\t\n\t\t<div class=\"content\">\n\n\t\t\t<div class=\"post-meta post-meta-a has-below\"><h2 class=\"is-title post-title limit-lines l-lines-2\"><a href=\"https:\/\/elreporterohgo.com\/noticias\/2026\/08\/03\/jose-ruben-delgadillo-sanchez-asume-la-presidencia-del-club-rotario-llanos-de-apan\/\">Jos\u00e9 Rub\u00e9n Delgadillo S\u00e1nchez asume la presidencia del Club Rotario Llanos de Apan<\/a><\/h2><div class=\"post-meta-items meta-below\"><span class=\"has-next-icon meta-item post-author\"><a href=\"https:\/\/elreporterohgo.com\/noticias\/author\/jsabino\/\" title=\"Entradas de Juan Sabino Cruz\" rel=\"author\">Juan Sabino Cruz<\/a><\/span><span class=\"meta-item comments has-icon\"><a href=\"https:\/\/elreporterohgo.com\/noticias\/2026\/08\/03\/jose-ruben-delgadillo-sanchez-asume-la-presidencia-del-club-rotario-llanos-de-apan\/#respond\"><i class=\"tsi tsi-comment-o\"><\/i>0<\/a><\/span><\/div><\/div>\t\t\t\n\t\t\t\t\t\t\n\t\t\t\t<div class=\"excerpt\">\n\t\t\t\t\t<p>Por Juan Sabino Cruz Ciudad Sahag\u00fan, Hidalgo.\u2013 En una ceremonia solemne, caracterizada por el respeto a los principios del rotarismo&hellip;<\/p>\n\t\t\t\t<\/div>\n\t\t\t\n\t\t\t\n\t\t\t\n\t\t<\/div>\n\n\t\n<\/article>\t\t\n\t<\/div>\n\n\t\t\n\t\n\t<div class=\"loop loop-grid loop-grid-sm grid grid-2 md:grid-2 sm:grid-2\">\n\n\t\t\t\t\t\n<article class=\"l-post grid-post grid-sm-post\">\n\n\t\n\t\t\t<div class=\"media\">\n\n\t\t\n\t\t\t<a href=\"https:\/\/elreporterohgo.com\/noticias\/2026\/07\/27\/servicio-a-la-comunidad-16\/\" class=\"image-link media-ratio ratio-16-9\" title=\"Servicio a la comunidad\"><img loading=\"lazy\" decoding=\"async\" width=\"608\" height=\"342\" src=\"https:\/\/elreporterohgo.com\/noticias\/wp-content\/uploads\/2026\/07\/4739d0b1-2f24-4f72-848f-331142b9e307-768x1130.jpg\" class=\"attachment-bunyad-768 size-bunyad-768 wp-post-image\" alt=\"\" sizes=\"(max-width: 608px) 100vw, 608px\" title=\"Servicio a la comunidad\" srcset=\"https:\/\/elreporterohgo.com\/noticias\/wp-content\/uploads\/2026\/07\/4739d0b1-2f24-4f72-848f-331142b9e307-768x1130.jpg 768w, https:\/\/elreporterohgo.com\/noticias\/wp-content\/uploads\/2026\/07\/4739d0b1-2f24-4f72-848f-331142b9e307-696x1024.jpg 696w, https:\/\/elreporterohgo.com\/noticias\/wp-content\/uploads\/2026\/07\/4739d0b1-2f24-4f72-848f-331142b9e307-450x662.jpg 450w, https:\/\/elreporterohgo.com\/noticias\/wp-content\/uploads\/2026\/07\/4739d0b1-2f24-4f72-848f-331142b9e307.jpg 1013w\" \/><\/a>\t\t\t\n\t\t\t\n\t\t\t\n\t\t\t\n\t\t\n\t\t<\/div>\n\t\n\n\t\n\t\t<div class=\"content\">\n\n\t\t\t<div class=\"post-meta post-meta-a has-below\"><h2 class=\"is-title post-title limit-lines l-lines-2\"><a href=\"https:\/\/elreporterohgo.com\/noticias\/2026\/07\/27\/servicio-a-la-comunidad-16\/\">Servicio a la comunidad<\/a><\/h2><div class=\"post-meta-items meta-below\"><span class=\"meta-item date\"><span class=\"date-link\"><time class=\"post-date\" datetime=\"2026-07-27T21:33:50-06:00\">27 julio, 2026<\/time><\/span><\/span><\/div><\/div>\t\t\t\n\t\t\t\n\t\t\t\n\t\t<\/div>\n\n\t\n<\/article>\t\t\t\t\t\n<article class=\"l-post grid-post grid-sm-post\">\n\n\t\n\t\t\t<div class=\"media\">\n\n\t\t\n\t\t\t<a href=\"https:\/\/elreporterohgo.com\/noticias\/2026\/06\/15\/inicia-el-mundialito-de-barrios-2026-en-emiliano-zapata-2\/\" class=\"image-link media-ratio ratio-16-9\" title=\"Inicia el Mundialito de Barrios 2026 en Emiliano Zapata\"><img loading=\"lazy\" decoding=\"async\" width=\"608\" height=\"342\" src=\"https:\/\/elreporterohgo.com\/noticias\/wp-content\/uploads\/2026\/06\/20260615_200219-768x768.jpg\" class=\"attachment-bunyad-768 size-bunyad-768 wp-post-image\" alt=\"\" sizes=\"(max-width: 608px) 100vw, 608px\" title=\"Inicia el Mundialito de Barrios 2026 en Emiliano Zapata\" srcset=\"https:\/\/elreporterohgo.com\/noticias\/wp-content\/uploads\/2026\/06\/20260615_200219-768x768.jpg 768w, https:\/\/elreporterohgo.com\/noticias\/wp-content\/uploads\/2026\/06\/20260615_200219-1024x1024.jpg 1024w, https:\/\/elreporterohgo.com\/noticias\/wp-content\/uploads\/2026\/06\/20260615_200219-1536x1536.jpg 1536w, https:\/\/elreporterohgo.com\/noticias\/wp-content\/uploads\/2026\/06\/20260615_200219-450x450.jpg 450w, https:\/\/elreporterohgo.com\/noticias\/wp-content\/uploads\/2026\/06\/20260615_200219-1200x1200.jpg 1200w, https:\/\/elreporterohgo.com\/noticias\/wp-content\/uploads\/2026\/06\/20260615_200219.jpg 1920w\" \/><\/a>\t\t\t\n\t\t\t\n\t\t\t\n\t\t\t\n\t\t\n\t\t<\/div>\n\t\n\n\t\n\t\t<div class=\"content\">\n\n\t\t\t<div class=\"post-meta post-meta-a has-below\"><h2 class=\"is-title post-title limit-lines l-lines-2\"><a href=\"https:\/\/elreporterohgo.com\/noticias\/2026\/06\/15\/inicia-el-mundialito-de-barrios-2026-en-emiliano-zapata-2\/\">Inicia el Mundialito de Barrios 2026 en Emiliano Zapata<\/a><\/h2><div class=\"post-meta-items meta-below\"><span class=\"meta-item date\"><span class=\"date-link\"><time class=\"post-date\" datetime=\"2026-06-15T20:04:15-06:00\">15 junio, 2026<\/time><\/span><\/span><\/div><\/div>\t\t\t\n\t\t\t\n\t\t\t\n\t\t<\/div>\n\n\t\n<\/article>\t\t\t\t\t\n<article class=\"l-post grid-post grid-sm-post\">\n\n\t\n\t\t\t<div class=\"media\">\n\n\t\t\n\t\t\t<a href=\"https:\/\/elreporterohgo.com\/noticias\/2026\/05\/20\/julio-menchaca-reconoce-al-magisterio-y-fortalece-la-educacion-en-hidalgo-con-inversion-historica\/\" class=\"image-link media-ratio ratio-16-9\" title=\"Julio Menchaca reconoce al magisterio y fortalece la educaci\u00f3n en Hidalgo con inversi\u00f3n hist\u00f3rica\"><img loading=\"lazy\" decoding=\"async\" width=\"608\" height=\"342\" src=\"https:\/\/elreporterohgo.com\/noticias\/wp-content\/uploads\/2026\/05\/200526_GOBERNADOR_DIA-DEL-MAESTRO_LG-6-768x512.jpg\" class=\"attachment-bunyad-768 size-bunyad-768 wp-post-image\" alt=\"\" sizes=\"(max-width: 608px) 100vw, 608px\" title=\"Julio Menchaca reconoce al magisterio y fortalece la educaci\u00f3n en Hidalgo con inversi\u00f3n hist\u00f3rica\" srcset=\"https:\/\/elreporterohgo.com\/noticias\/wp-content\/uploads\/2026\/05\/200526_GOBERNADOR_DIA-DEL-MAESTRO_LG-6-768x512.jpg 768w, https:\/\/elreporterohgo.com\/noticias\/wp-content\/uploads\/2026\/05\/200526_GOBERNADOR_DIA-DEL-MAESTRO_LG-6-1024x683.jpg 1024w, https:\/\/elreporterohgo.com\/noticias\/wp-content\/uploads\/2026\/05\/200526_GOBERNADOR_DIA-DEL-MAESTRO_LG-6-1536x1024.jpg 1536w, https:\/\/elreporterohgo.com\/noticias\/wp-content\/uploads\/2026\/05\/200526_GOBERNADOR_DIA-DEL-MAESTRO_LG-6-1200x800.jpg 1200w, https:\/\/elreporterohgo.com\/noticias\/wp-content\/uploads\/2026\/05\/200526_GOBERNADOR_DIA-DEL-MAESTRO_LG-6.jpg 1920w\" \/><\/a>\t\t\t\n\t\t\t\n\t\t\t\n\t\t\t\n\t\t\n\t\t<\/div>\n\t\n\n\t\n\t\t<div class=\"content\">\n\n\t\t\t<div class=\"post-meta post-meta-a has-below\"><h2 class=\"is-title post-title limit-lines l-lines-2\"><a href=\"https:\/\/elreporterohgo.com\/noticias\/2026\/05\/20\/julio-menchaca-reconoce-al-magisterio-y-fortalece-la-educacion-en-hidalgo-con-inversion-historica\/\">Julio Menchaca reconoce al magisterio y fortalece la educaci\u00f3n en Hidalgo con inversi\u00f3n hist\u00f3rica<\/a><\/h2><div class=\"post-meta-items meta-below\"><span class=\"meta-item date\"><span class=\"date-link\"><time class=\"post-date\" datetime=\"2026-05-20T17:41:40-06:00\">20 mayo, 2026<\/time><\/span><\/span><\/div><\/div>\t\t\t\n\t\t\t\n\t\t\t\n\t\t<\/div>\n\n\t\n<\/article>\t\t\t\t\t\n<article class=\"l-post grid-post grid-sm-post\">\n\n\t\n\t\t\t<div class=\"media\">\n\n\t\t\n\t\t\t<a href=\"https:\/\/elreporterohgo.com\/noticias\/2026\/04\/02\/opera-ya-en-mexico-la-tecnologia-mas-avanzada-y-de-vanguardia-en-materia-de-sustentavilidad\/\" class=\"image-link media-ratio ratio-16-9\" title=\"Opera ya en M\u00e9xico la T\u00e9cnolog\u00eda m\u00e1s avanzada y de Vanguardia en Materia de sustentavilidad\"><img loading=\"lazy\" decoding=\"async\" width=\"608\" height=\"342\" src=\"https:\/\/elreporterohgo.com\/noticias\/wp-content\/uploads\/2026\/04\/zzzzzzzzzzzzzzzzzzzzzzzzzzzzzzzzzzzzzzzzzzzzzzzzzzzzzzzzzzzzzzzzzzzzzzzzzzzzzzzzzzzzzzzzzzzzzzzzzzzzzzzzzzzzzzzzzzzzzzzzzzzzzz-768x290.jpg\" class=\"attachment-bunyad-768 size-bunyad-768 wp-post-image\" alt=\"\" sizes=\"(max-width: 608px) 100vw, 608px\" title=\"Opera ya en M\u00e9xico la T\u00e9cnolog\u00eda m\u00e1s avanzada y de Vanguardia en Materia de sustentavilidad\" srcset=\"https:\/\/elreporterohgo.com\/noticias\/wp-content\/uploads\/2026\/04\/zzzzzzzzzzzzzzzzzzzzzzzzzzzzzzzzzzzzzzzzzzzzzzzzzzzzzzzzzzzzzzzzzzzzzzzzzzzzzzzzzzzzzzzzzzzzzzzzzzzzzzzzzzzzzzzzzzzzzzzzzzzzzz-768x290.jpg 768w, https:\/\/elreporterohgo.com\/noticias\/wp-content\/uploads\/2026\/04\/zzzzzzzzzzzzzzzzzzzzzzzzzzzzzzzzzzzzzzzzzzzzzzzzzzzzzzzzzzzzzzzzzzzzzzzzzzzzzzzzzzzzzzzzzzzzzzzzzzzzzzzzzzzzzzzzzzzzzzzzzzzzzz-1024x386.jpg 1024w, https:\/\/elreporterohgo.com\/noticias\/wp-content\/uploads\/2026\/04\/zzzzzzzzzzzzzzzzzzzzzzzzzzzzzzzzzzzzzzzzzzzzzzzzzzzzzzzzzzzzzzzzzzzzzzzzzzzzzzzzzzzzzzzzzzzzzzzzzzzzzzzzzzzzzzzzzzzzzzzzzzzzzz-1536x579.jpg 1536w, https:\/\/elreporterohgo.com\/noticias\/wp-content\/uploads\/2026\/04\/zzzzzzzzzzzzzzzzzzzzzzzzzzzzzzzzzzzzzzzzzzzzzzzzzzzzzzzzzzzzzzzzzzzzzzzzzzzzzzzzzzzzzzzzzzzzzzzzzzzzzzzzzzzzzzzzzzzzzzzzzzzzzz-1200x452.jpg 1200w, https:\/\/elreporterohgo.com\/noticias\/wp-content\/uploads\/2026\/04\/zzzzzzzzzzzzzzzzzzzzzzzzzzzzzzzzzzzzzzzzzzzzzzzzzzzzzzzzzzzzzzzzzzzzzzzzzzzzzzzzzzzzzzzzzzzzzzzzzzzzzzzzzzzzzzzzzzzzzzzzzzzzzz.jpg 1650w\" \/><\/a>\t\t\t\n\t\t\t\n\t\t\t\n\t\t\t\n\t\t\n\t\t<\/div>\n\t\n\n\t\n\t\t<div class=\"content\">\n\n\t\t\t<div class=\"post-meta post-meta-a has-below\"><h2 class=\"is-title post-title limit-lines l-lines-2\"><a href=\"https:\/\/elreporterohgo.com\/noticias\/2026\/04\/02\/opera-ya-en-mexico-la-tecnologia-mas-avanzada-y-de-vanguardia-en-materia-de-sustentavilidad\/\">Opera ya en M\u00e9xico la T\u00e9cnolog\u00eda m\u00e1s avanzada y de Vanguardia en Materia de sustentavilidad<\/a><\/h2><div class=\"post-meta-items meta-below\"><span class=\"meta-item date\"><span class=\"date-link\"><time class=\"post-date\" datetime=\"2026-04-02T15:34:47-06:00\">2 abril, 2026<\/time><\/span><\/span><\/div><\/div>\t\t\t\n\t\t\t\n\t\t\t\n\t\t<\/div>\n\n\t\n<\/article>\t\t\n\t<\/div>\n\n\t\t\n\t<\/div>\n\n\t\t\t\t<\/div>\n\n\t\t<\/section>\n\t\t\t\t\t\t<\/div>\n\t\t\t\t<\/div>\n\t\t\t\t<div class=\"elementor-element elementor-element-7522f72 elementor-widget elementor-widget-spacer\" data-id=\"7522f72\" data-element_type=\"widget\" data-widget_type=\"spacer.default\">\n\t\t\t\t\t\t\t<div class=\"elementor-spacer\">\n\t\t\t<div class=\"elementor-spacer-inner\"><\/div>\n\t\t<\/div>\n\t\t\t\t\t\t<\/div>\n\t\t\t\t\t<\/div>\n\t\t<\/div>\n\t\t\t\t<div class=\"elementor-column elementor-col-33 elementor-top-column elementor-element elementor-element-6eab40f main-sidebar\" data-id=\"6eab40f\" data-element_type=\"column\">\n\t\t\t<div class=\"elementor-widget-wrap elementor-element-populated\">\n\t\t\t\t\t\t<div class=\"elementor-element elementor-element-5b1e1b8 elementor-widget elementor-widget-spacer\" data-id=\"5b1e1b8\" data-element_type=\"widget\" data-widget_type=\"spacer.default\">\n\t\t\t\t\t\t\t<div class=\"elementor-spacer\">\n\t\t\t<div class=\"elementor-spacer-inner\"><\/div>\n\t\t<\/div>\n\t\t\t\t\t\t<\/div>\n\t\t\t\t<div class=\"elementor-element elementor-element-76436a2 elementor-widget elementor-widget-wp-widget-bunyad-social\" data-id=\"76436a2\" data-element_type=\"widget\" data-widget_type=\"wp-widget-bunyad-social.default\">\n\t\t\t\t<div class=\"elementor-widget-container\">\n\t\t\t\t\t<div class=\"widget widget-social-b\"><div class=\"widget-title block-head block-head-ac block-head block-head-ac block-head-g is-left has-style\"><h5 class=\"heading\">REDES SOCIALES<\/h5><\/div>\t\t<div class=\"spc-social-follow spc-social-follow-b spc-social-colors spc-social-bg\">\n\t\t\t<ul class=\"services grid grid-2 md:grid-4 sm:grid-2\" itemscope itemtype=\"http:\/\/schema.org\/Organization\">\n\t\t\t\t<link itemprop=\"url\" href=\"https:\/\/elreporterohgo.com\/noticias\/\">\n\t\t\t\t\t\t\t\t\n\t\t\t\t<li class=\"service-wrap\">\n\n\t\t\t\t\t<a href=\"\" class=\"service service-link s-facebook\" target=\"_blank\" itemprop=\"sameAs\" rel=\"nofollow noopener\">\n\t\t\t\t\t\t<i class=\"the-icon tsi tsi-facebook\"><\/i>\n\t\t\t\t\t\t<span class=\"label\">Facebook<\/span>\n\n\t\t\t\t\t\t\t\n\t\t\t\t\t<\/a>\n\n\t\t\t\t<\/li>\n\t\t\t\t\n\t\t\t\t\t\t\t\t\n\t\t\t\t<li class=\"service-wrap\">\n\n\t\t\t\t\t<a href=\"\" class=\"service service-link s-twitter\" target=\"_blank\" itemprop=\"sameAs\" rel=\"nofollow noopener\">\n\t\t\t\t\t\t<i class=\"the-icon tsi tsi-twitter\"><\/i>\n\t\t\t\t\t\t<span class=\"label\">Twitter<\/span>\n\n\t\t\t\t\t\t\t\n\t\t\t\t\t<\/a>\n\n\t\t\t\t<\/li>\n\t\t\t\t\n\t\t\t\t\t\t\t\t\n\t\t\t\t<li class=\"service-wrap\">\n\n\t\t\t\t\t<a href=\"\" class=\"service service-link s-instagram\" target=\"_blank\" itemprop=\"sameAs\" rel=\"nofollow noopener\">\n\t\t\t\t\t\t<i class=\"the-icon tsi tsi-instagram\"><\/i>\n\t\t\t\t\t\t<span class=\"label\">Instagram<\/span>\n\n\t\t\t\t\t\t\t\n\t\t\t\t\t<\/a>\n\n\t\t\t\t<\/li>\n\t\t\t\t\n\t\t\t\t\t\t\t\t\n\t\t\t\t<li class=\"service-wrap\">\n\n\t\t\t\t\t<a href=\"\" class=\"service service-link s-youtube\" target=\"_blank\" itemprop=\"sameAs\" rel=\"nofollow noopener\">\n\t\t\t\t\t\t<i class=\"the-icon tsi tsi-youtube-play\"><\/i>\n\t\t\t\t\t\t<span class=\"label\">YouTube<\/span>\n\n\t\t\t\t\t\t\t\n\t\t\t\t\t<\/a>\n\n\t\t\t\t<\/li>\n\t\t\t\t\n\t\t\t\t\t\t\t<\/ul>\n\t\t<\/div>\n\t\t\n\t\t<\/div>\t\t\t\t<\/div>\n\t\t\t\t<\/div>\n\t\t\t\t<div class=\"elementor-element elementor-element-45b9107 elementor-widget elementor-widget-spacer\" data-id=\"45b9107\" data-element_type=\"widget\" data-widget_type=\"spacer.default\">\n\t\t\t\t\t\t\t<div class=\"elementor-spacer\">\n\t\t\t<div class=\"elementor-spacer-inner\"><\/div>\n\t\t<\/div>\n\t\t\t\t\t\t<\/div>\n\t\t\t\t<div class=\"elementor-element elementor-element-289bb4e elementor-widget elementor-widget-image\" data-id=\"289bb4e\" data-element_type=\"widget\" data-widget_type=\"image.default\">\n\t\t\t\t\t\t\t\t\t\t\t\t\t\t\t\t<a href=\"https:\/\/cuartoinforme.hidalgo.gob.mx\/\">\n\t\t\t\t\t\t\t<img loading=\"lazy\" decoding=\"async\" class=\"attachment-large size-large wp-image-83791 lazyload\" width=\"625\" height=\"521\" src=\"data:image\/svg+xml;base64,PHN2ZyB2aWV3Qm94PScwIDAgNjI1IDUyMScgeG1sbnM9J2h0dHA6Ly93d3cudzMub3JnLzIwMDAvc3ZnJz48L3N2Zz4=\" alt srcset=\"https:\/\/elreporterohgo.com\/noticias\/wp-content\/uploads\/2026\/08\/MODERNIZAMOS-ESPACIOS-PARQUE-CULTURAL-300x250-1.png 625w, https:\/\/elreporterohgo.com\/noticias\/wp-content\/uploads\/2026\/08\/MODERNIZAMOS-ESPACIOS-PARQUE-CULTURAL-300x250-1-300x250.png 300w, https:\/\/elreporterohgo.com\/noticias\/wp-content\/uploads\/2026\/08\/MODERNIZAMOS-ESPACIOS-PARQUE-CULTURAL-300x250-1-150x125.png 150w, https:\/\/elreporterohgo.com\/noticias\/wp-content\/uploads\/2026\/08\/MODERNIZAMOS-ESPACIOS-PARQUE-CULTURAL-300x250-1-450x375.png 450w\" sizes=\"(max-width: 625px) 100vw, 625px\" data-src=\"https:\/\/elreporterohgo.com\/noticias\/wp-content\/uploads\/2026\/08\/MODERNIZAMOS-ESPACIOS-PARQUE-CULTURAL-300x250-1.png\" \/>\t\t\t\t\t\t\t\t<\/a>\n\t\t\t\t\t\t\t\t\t\t\t\t\t\t\t<\/div>\n\t\t\t\t<div class=\"elementor-element elementor-element-ec7834c elementor-widget elementor-widget-spacer\" data-id=\"ec7834c\" data-element_type=\"widget\" data-widget_type=\"spacer.default\">\n\t\t\t\t\t\t\t<div class=\"elementor-spacer\">\n\t\t\t<div class=\"elementor-spacer-inner\"><\/div>\n\t\t<\/div>\n\t\t\t\t\t\t<\/div>\n\t\t\t\t<div class=\"elementor-element elementor-element-a297ad7 elementor-widget elementor-widget-smartmag-highlights\" data-id=\"a297ad7\" data-element_type=\"widget\" data-widget_type=\"smartmag-highlights.default\">\n\t\t\t\t<div class=\"elementor-widget-container\">\n\t\t\t\t\t\t\t<section class=\"block-wrap block-highlights block-sc\" data-id=\"13\" data-is-mixed=\"1\">\n\n\t\t\t\t\t\t\t\t\n\t\t\t\t\t\t\t\n\t\t\t\t<div class=\"block-head block-head-ac block-head-g is-left\">\n\n\t\t\t\t\t<h4 class=\"heading\">NACIONAL<\/h4>\t\t\t\t\t\n\t\t\t\t\t\t\t\t\t<\/div>\n\t\t\t\t\n\t\t\t\n\t\t\t\n\t\t\t<div class=\"block-content\">\n\t\t\t\t\t\n\t<div class=\"loops-mixed\">\n\t\t\t\n\t<div class=\"loop loop-grid loop-grid-base grid grid-1 md:grid-1 xs:grid-1\">\n\n\t\t\t\t\t\n<article class=\"l-post grid-post grid-base-post\">\n\n\t\n\t\t\t<div class=\"media\">\n\n\t\t\n\t\t\t<a href=\"https:\/\/elreporterohgo.com\/noticias\/2026\/09\/02\/mirna-rubio-propone-proteger-a-maestras-y-maestros-del-prejuzgamiento-durante-investigaciones-administrativas\/\" class=\"image-link media-ratio ratio-16-9\" title=\"Mirna Rubio propone proteger a maestras y maestros del prejuzgamiento durante investigaciones administrativas.\"><img loading=\"lazy\" decoding=\"async\" width=\"377\" height=\"212\" src=\"https:\/\/elreporterohgo.com\/noticias\/wp-content\/uploads\/2026\/09\/zzzzzzzzzzzzzzzzzzzzzzzzzzzzzzzzzzzzzzzzzzzzzzzz-450x305.jpg\" class=\"attachment-bunyad-medium size-bunyad-medium wp-post-image\" alt=\"\" sizes=\"(max-width: 377px) 100vw, 377px\" title=\"Mirna Rubio propone proteger a maestras y maestros del prejuzgamiento durante investigaciones administrativas.\" srcset=\"https:\/\/elreporterohgo.com\/noticias\/wp-content\/uploads\/2026\/09\/zzzzzzzzzzzzzzzzzzzzzzzzzzzzzzzzzzzzzzzzzzzzzzzz-450x305.jpg 450w, https:\/\/elreporterohgo.com\/noticias\/wp-content\/uploads\/2026\/09\/zzzzzzzzzzzzzzzzzzzzzzzzzzzzzzzzzzzzzzzzzzzzzzzz-1024x693.jpg 1024w, https:\/\/elreporterohgo.com\/noticias\/wp-content\/uploads\/2026\/09\/zzzzzzzzzzzzzzzzzzzzzzzzzzzzzzzzzzzzzzzzzzzzzzzz-768x520.jpg 768w, https:\/\/elreporterohgo.com\/noticias\/wp-content\/uploads\/2026\/09\/zzzzzzzzzzzzzzzzzzzzzzzzzzzzzzzzzzzzzzzzzzzzzzzz.jpg 1075w\" \/><\/a>\t\t\t\n\t\t\t\n\t\t\t\n\t\t\t\t\t\t\t\n\t\t\t\t<span class=\"cat-labels cat-labels-overlay c-overlay p-bot-left\">\n\t\t\t\t<a href=\"https:\/\/elreporterohgo.com\/noticias\/category\/hidalgo\/\" class=\"category term-color-10\" rel=\"category\" tabindex=\"-1\">Hidalgo<\/a>\n\t\t\t<\/span>\n\t\t\t\t\t\t\n\t\t\t\n\t\t\n\t\t<\/div>\n\t\n\n\t\n\t\t<div class=\"content\">\n\n\t\t\t<div class=\"post-meta post-meta-a has-below\"><h2 class=\"is-title post-title\"><a href=\"https:\/\/elreporterohgo.com\/noticias\/2026\/09\/02\/mirna-rubio-propone-proteger-a-maestras-y-maestros-del-prejuzgamiento-durante-investigaciones-administrativas\/\">Mirna Rubio propone proteger a maestras y maestros del prejuzgamiento durante investigaciones administrativas.<\/a><\/h2><div class=\"post-meta-items meta-below\"><span class=\"has-next-icon meta-item post-author\"><a href=\"https:\/\/elreporterohgo.com\/noticias\/author\/jsabino\/\" title=\"Entradas de Juan Sabino Cruz\" rel=\"author\">Juan Sabino Cruz<\/a><\/span><span class=\"meta-item comments has-icon\"><a href=\"https:\/\/elreporterohgo.com\/noticias\/2026\/09\/02\/mirna-rubio-propone-proteger-a-maestras-y-maestros-del-prejuzgamiento-durante-investigaciones-administrativas\/#respond\"><i class=\"tsi tsi-comment-o\"><\/i>0<\/a><\/span><\/div><\/div>\t\t\t\n\t\t\t\t\t\t\n\t\t\t\t<div class=\"excerpt\">\n\t\t\t\t\t<p>Ciudad de M\u00e9xico. La diputada federal present\u00f3 ante el&hellip;<\/p>\n\t\t\t\t<\/div>\n\t\t\t\n\t\t\t\n\t\t\t\n\t\t<\/div>\n\n\t\n<\/article>\t\t\n\t<\/div>\n\n\t\t\n\n\t<div class=\"loop loop-small loop-small-a loop-sep loop-small-sep grid grid-1 md:grid-1 sm:grid-1 xs:grid-1\">\n\n\t\t\n\t<\/div>\n\n\t\t\t<\/div>\n\n\n\t\t\t\t<\/div>\n\n\t\t<\/section>\n\t\t\t\t\t\t<\/div>\n\t\t\t\t<\/div>\n\t\t\t\t<div class=\"elementor-element elementor-element-fb044ba elementor-widget elementor-widget-spacer\" data-id=\"fb044ba\" data-element_type=\"widget\" data-widget_type=\"spacer.default\">\n\t\t\t\t\t\t\t<div class=\"elementor-spacer\">\n\t\t\t<div class=\"elementor-spacer-inner\"><\/div>\n\t\t<\/div>\n\t\t\t\t\t\t<\/div>\n\t\t\t\t\t<\/div>\n\t\t<\/div>\n\t\t\t\t\t<\/div>\n\t\t<\/section>\n\t\t\t\t<section class=\"has-el-gap el-gap-default elementor-section elementor-top-section elementor-element elementor-element-9a35f20 elementor-section-boxed elementor-section-height-default elementor-section-height-default\" data-id=\"9a35f20\" data-element_type=\"section\">\n\t\t\t\t\t\t<div class=\"elementor-container elementor-column-gap-no\">\n\t\t\t\t\t<div class=\"elementor-column elementor-col-33 elementor-top-column elementor-element elementor-element-b7c9b82\" data-id=\"b7c9b82\" data-element_type=\"column\">\n\t\t\t<div class=\"elementor-widget-wrap\">\n\t\t\t\t\t\t\t<\/div>\n\t\t<\/div>\n\t\t\t\t<div class=\"elementor-column elementor-col-33 elementor-top-column elementor-element elementor-element-fb66e9a\" data-id=\"fb66e9a\" data-element_type=\"column\">\n\t\t\t<div class=\"elementor-widget-wrap elementor-element-populated\">\n\t\t\t\t\t\t<div class=\"elementor-element elementor-element-86524f7 elementor-widget elementor-widget-spacer\" data-id=\"86524f7\" data-element_type=\"widget\" data-widget_type=\"spacer.default\">\n\t\t\t\t\t\t\t<div class=\"elementor-spacer\">\n\t\t\t<div class=\"elementor-spacer-inner\"><\/div>\n\t\t<\/div>\n\t\t\t\t\t\t<\/div>\n\t\t\t\t<div class=\"elementor-element elementor-element-b1c0ce5 elementor-widget elementor-widget-spacer\" data-id=\"b1c0ce5\" data-element_type=\"widget\" data-widget_type=\"spacer.default\">\n\t\t\t\t\t\t\t<div class=\"elementor-spacer\">\n\t\t\t<div class=\"elementor-spacer-inner\"><\/div>\n\t\t<\/div>\n\t\t\t\t\t\t<\/div>\n\t\t\t\t\t<\/div>\n\t\t<\/div>\n\t\t\t\t<div class=\"elementor-column elementor-col-33 elementor-top-column elementor-element elementor-element-53d69c7\" data-id=\"53d69c7\" data-element_type=\"column\">\n\t\t\t<div class=\"elementor-widget-wrap elementor-element-populated\">\n\t\t\t\t\t\t<div class=\"elementor-element elementor-element-1534cd6 elementor-widget elementor-widget-spacer\" data-id=\"1534cd6\" data-element_type=\"widget\" data-widget_type=\"spacer.default\">\n\t\t\t\t\t\t\t<div class=\"elementor-spacer\">\n\t\t\t<div class=\"elementor-spacer-inner\"><\/div>\n\t\t<\/div>\n\t\t\t\t\t\t<\/div>\n\t\t\t\t\t<\/div>\n\t\t<\/div>\n\t\t\t\t\t<\/div>\n\t\t<\/section>\n\t\t\t\t<section class=\"has-el-gap el-gap-default elementor-section elementor-top-section elementor-element elementor-element-3c0a0b2 elementor-section-boxed elementor-section-height-default elementor-section-height-default\" data-id=\"3c0a0b2\" data-element_type=\"section\">\n\t\t\t\t\t\t<div class=\"elementor-container elementor-column-gap-no\">\n\t\t\t\t\t<div class=\"elementor-column elementor-col-50 elementor-top-column elementor-element elementor-element-28cb36e\" data-id=\"28cb36e\" data-element_type=\"column\">\n\t\t\t<div class=\"elementor-widget-wrap elementor-element-populated\">\n\t\t\t\t\t\t<div class=\"elementor-element elementor-element-c1b1b25 elementor-widget elementor-widget-smartmag-grid\" data-id=\"c1b1b25\" data-element_type=\"widget\" data-widget_type=\"smartmag-grid.default\">\n\t\t\t\t<div class=\"elementor-widget-container\">\n\t\t\t\t\t\t\t<section class=\"block-wrap block-grid block-sc mb-none\" data-id=\"16\">\n\n\t\t\t\t\t\t\t\t\n\t\t\t\t\t\t\t\n\t\t\t\t<div class=\"block-head block-head-c is-left\">\n\n\t\t\t\t\t<h4 class=\"heading\">DEPORTES<\/h4>\t\t\t\t\t\n\t\t\t\t\t\t\t\t\t<\/div>\n\t\t\t\t\n\t\t\t\n\t\t\t\n\t\t\t<div class=\"block-content\">\n\t\t\t\t\t\n\t<div class=\"loop loop-grid loop-grid-base grid grid-1 md:grid-1 xs:grid-1\">\n\n\t\t\t\t\t\n<article class=\"l-post grid-post grid-base-post\">\n\n\t\n\t\t\t<div class=\"media\">\n\n\t\t\n\t\t\t<a href=\"https:\/\/elreporterohgo.com\/noticias\/2026\/07\/08\/tuzas-realizan-evaluaciones-medicas-en-el-cema\/\" class=\"image-link media-ratio ratio-16-9\" title=\"Tuzas realizan evaluaciones m\u00e9dicas en el CEMA\"><img loading=\"lazy\" decoding=\"async\" width=\"608\" height=\"342\" src=\"https:\/\/elreporterohgo.com\/noticias\/wp-content\/uploads\/2026\/07\/Tuzas-Pruebas-CEMA-AP-2026-1024x555-1-768x416.webp\" class=\"attachment-bunyad-768 size-bunyad-768 wp-post-image\" alt=\"\" sizes=\"(max-width: 608px) 100vw, 608px\" title=\"Tuzas realizan evaluaciones m\u00e9dicas en el CEMA\" srcset=\"https:\/\/elreporterohgo.com\/noticias\/wp-content\/uploads\/2026\/07\/Tuzas-Pruebas-CEMA-AP-2026-1024x555-1-768x416.webp 768w, https:\/\/elreporterohgo.com\/noticias\/wp-content\/uploads\/2026\/07\/Tuzas-Pruebas-CEMA-AP-2026-1024x555-1-300x163.webp 300w, https:\/\/elreporterohgo.com\/noticias\/wp-content\/uploads\/2026\/07\/Tuzas-Pruebas-CEMA-AP-2026-1024x555-1-150x81.webp 150w, https:\/\/elreporterohgo.com\/noticias\/wp-content\/uploads\/2026\/07\/Tuzas-Pruebas-CEMA-AP-2026-1024x555-1-450x244.webp 450w, https:\/\/elreporterohgo.com\/noticias\/wp-content\/uploads\/2026\/07\/Tuzas-Pruebas-CEMA-AP-2026-1024x555-1.webp 1024w\" \/><\/a>\t\t\t\n\t\t\t\n\t\t\t\n\t\t\t\t\t\t\t\n\t\t\t\t<span class=\"cat-labels cat-labels-overlay c-overlay p-bot-left\">\n\t\t\t\t<a href=\"https:\/\/elreporterohgo.com\/noticias\/category\/deportes\/\" class=\"category term-color-67\" rel=\"category\" tabindex=\"-1\">Deportes<\/a>\n\t\t\t<\/span>\n\t\t\t\t\t\t\n\t\t\t\n\t\t\n\t\t<\/div>\n\t\n\n\t\n\t\t<div class=\"content\">\n\n\t\t\t<div class=\"post-meta post-meta-a has-below\"><h2 class=\"is-title post-title\"><a href=\"https:\/\/elreporterohgo.com\/noticias\/2026\/07\/08\/tuzas-realizan-evaluaciones-medicas-en-el-cema\/\">Tuzas realizan evaluaciones m\u00e9dicas en el CEMA<\/a><\/h2><div class=\"post-meta-items meta-below\"><span class=\"has-next-icon meta-item post-author\"><a href=\"https:\/\/elreporterohgo.com\/noticias\/author\/jsabino\/\" title=\"Entradas de Juan Sabino Cruz\" rel=\"author\">Juan Sabino Cruz<\/a><\/span><span class=\"meta-item comments has-icon\"><a href=\"https:\/\/elreporterohgo.com\/noticias\/2026\/07\/08\/tuzas-realizan-evaluaciones-medicas-en-el-cema\/#respond\"><i class=\"tsi tsi-comment-o\"><\/i>0<\/a><\/span><\/div><\/div>\t\t\t\n\t\t\t\n\t\t\t\n\t\t<\/div>\n\n\t\n<\/article>\t\t\t\t\t\n<article class=\"l-post grid-post grid-base-post\">\n\n\t\n\t\t\t<div class=\"media\">\n\n\t\t\n\t\t\t<a href=\"https:\/\/elreporterohgo.com\/noticias\/2025\/08\/27\/gran-fiesta-deportiva-en-el-marco-de-la-feria-de-san-francisco-2025\/\" class=\"image-link media-ratio ratio-16-9\" title=\"Gran fiesta deportiva en el marco de la Feria de San Francisco 2025\"><img loading=\"lazy\" decoding=\"async\" width=\"608\" height=\"342\" src=\"https:\/\/elreporterohgo.com\/noticias\/wp-content\/uploads\/2025\/08\/zzzzzzzzzzzzzzzzzzzzzzzzzzzzzzzzzzzzzzzzzzzzzzzzzzzzzzzzzzzzzzzzzzzzzzzzzzzzzzzzzzzzzzzzzzzzzzzzzzzzzzzz-2-768x444.jpg\" class=\"attachment-bunyad-768 size-bunyad-768 wp-post-image\" alt=\"\" sizes=\"(max-width: 608px) 100vw, 608px\" title=\"Gran fiesta deportiva en el marco de la Feria de San Francisco 2025\" srcset=\"https:\/\/elreporterohgo.com\/noticias\/wp-content\/uploads\/2025\/08\/zzzzzzzzzzzzzzzzzzzzzzzzzzzzzzzzzzzzzzzzzzzzzzzzzzzzzzzzzzzzzzzzzzzzzzzzzzzzzzzzzzzzzzzzzzzzzzzzzzzzzzzz-2-768x444.jpg 768w, https:\/\/elreporterohgo.com\/noticias\/wp-content\/uploads\/2025\/08\/zzzzzzzzzzzzzzzzzzzzzzzzzzzzzzzzzzzzzzzzzzzzzzzzzzzzzzzzzzzzzzzzzzzzzzzzzzzzzzzzzzzzzzzzzzzzzzzzzzzzzzzz-2-300x173.jpg 300w, https:\/\/elreporterohgo.com\/noticias\/wp-content\/uploads\/2025\/08\/zzzzzzzzzzzzzzzzzzzzzzzzzzzzzzzzzzzzzzzzzzzzzzzzzzzzzzzzzzzzzzzzzzzzzzzzzzzzzzzzzzzzzzzzzzzzzzzzzzzzzzzz-2-1024x592.jpg 1024w, https:\/\/elreporterohgo.com\/noticias\/wp-content\/uploads\/2025\/08\/zzzzzzzzzzzzzzzzzzzzzzzzzzzzzzzzzzzzzzzzzzzzzzzzzzzzzzzzzzzzzzzzzzzzzzzzzzzzzzzzzzzzzzzzzzzzzzzzzzzzzzzz-2-1536x888.jpg 1536w, https:\/\/elreporterohgo.com\/noticias\/wp-content\/uploads\/2025\/08\/zzzzzzzzzzzzzzzzzzzzzzzzzzzzzzzzzzzzzzzzzzzzzzzzzzzzzzzzzzzzzzzzzzzzzzzzzzzzzzzzzzzzzzzzzzzzzzzzzzzzzzzz-2-150x87.jpg 150w, https:\/\/elreporterohgo.com\/noticias\/wp-content\/uploads\/2025\/08\/zzzzzzzzzzzzzzzzzzzzzzzzzzzzzzzzzzzzzzzzzzzzzzzzzzzzzzzzzzzzzzzzzzzzzzzzzzzzzzzzzzzzzzzzzzzzzzzzzzzzzzzz-2-450x260.jpg 450w, https:\/\/elreporterohgo.com\/noticias\/wp-content\/uploads\/2025\/08\/zzzzzzzzzzzzzzzzzzzzzzzzzzzzzzzzzzzzzzzzzzzzzzzzzzzzzzzzzzzzzzzzzzzzzzzzzzzzzzzzzzzzzzzzzzzzzzzzzzzzzzzz-2-1200x694.jpg 1200w, https:\/\/elreporterohgo.com\/noticias\/wp-content\/uploads\/2025\/08\/zzzzzzzzzzzzzzzzzzzzzzzzzzzzzzzzzzzzzzzzzzzzzzzzzzzzzzzzzzzzzzzzzzzzzzzzzzzzzzzzzzzzzzzzzzzzzzzzzzzzzzzz-2.jpg 1920w\" \/><\/a>\t\t\t\n\t\t\t\n\t\t\t\n\t\t\t\t\t\t\t\n\t\t\t\t<span class=\"cat-labels cat-labels-overlay c-overlay p-bot-left\">\n\t\t\t\t<a href=\"https:\/\/elreporterohgo.com\/noticias\/category\/deportes\/\" class=\"category term-color-67\" rel=\"category\" tabindex=\"-1\">Deportes<\/a>\n\t\t\t<\/span>\n\t\t\t\t\t\t\n\t\t\t\n\t\t\n\t\t<\/div>\n\t\n\n\t\n\t\t<div class=\"content\">\n\n\t\t\t<div class=\"post-meta post-meta-a has-below\"><h2 class=\"is-title post-title\"><a href=\"https:\/\/elreporterohgo.com\/noticias\/2025\/08\/27\/gran-fiesta-deportiva-en-el-marco-de-la-feria-de-san-francisco-2025\/\">Gran fiesta deportiva en el marco de la Feria de San Francisco 2025<\/a><\/h2><div class=\"post-meta-items meta-below\"><span class=\"has-next-icon meta-item post-author\"><a href=\"https:\/\/elreporterohgo.com\/noticias\/author\/jsabino\/\" title=\"Entradas de Juan Sabino Cruz\" rel=\"author\">Juan Sabino Cruz<\/a><\/span><span class=\"meta-item comments has-icon\"><a href=\"https:\/\/elreporterohgo.com\/noticias\/2025\/08\/27\/gran-fiesta-deportiva-en-el-marco-de-la-feria-de-san-francisco-2025\/#respond\"><i class=\"tsi tsi-comment-o\"><\/i>0<\/a><\/span><\/div><\/div>\t\t\t\n\t\t\t\n\t\t\t\n\t\t<\/div>\n\n\t\n<\/article>\t\t\n\t<\/div>\n\n\t\t\n\t\t\t<\/div>\n\n\t\t<\/section>\n\t\t\t\t\t\t<\/div>\n\t\t\t\t<\/div>\n\t\t\t\t\t<\/div>\n\t\t<\/div>\n\t\t\t\t<div class=\"elementor-column elementor-col-50 elementor-top-column elementor-element elementor-element-9be02cd\" data-id=\"9be02cd\" data-element_type=\"column\">\n\t\t\t<div class=\"elementor-widget-wrap elementor-element-populated\">\n\t\t\t\t\t\t<div class=\"elementor-element elementor-element-7e7b3fc elementor-widget elementor-widget-image\" data-id=\"7e7b3fc\" data-element_type=\"widget\" data-widget_type=\"image.default\">\n\t\t\t\t\t\t\t\t\t\t\t\t\t\t\t\t<a href=\"https:\/\/cuartoinforme.hidalgo.gob.mx\/\">\n\t\t\t\t\t\t\t<img loading=\"lazy\" decoding=\"async\" class=\"attachment-large size-large wp-image-83790 lazyload\" width=\"625\" height=\"521\" src=\"data:image\/svg+xml;base64,PHN2ZyB2aWV3Qm94PScwIDAgNjI1IDUyMScgeG1sbnM9J2h0dHA6Ly93d3cudzMub3JnLzIwMDAvc3ZnJz48L3N2Zz4=\" alt srcset=\"https:\/\/elreporterohgo.com\/noticias\/wp-content\/uploads\/2026\/08\/ADS-patrullas-300x250-1.png 625w, https:\/\/elreporterohgo.com\/noticias\/wp-content\/uploads\/2026\/08\/ADS-patrullas-300x250-1-300x250.png 300w, https:\/\/elreporterohgo.com\/noticias\/wp-content\/uploads\/2026\/08\/ADS-patrullas-300x250-1-150x125.png 150w, https:\/\/elreporterohgo.com\/noticias\/wp-content\/uploads\/2026\/08\/ADS-patrullas-300x250-1-450x375.png 450w\" sizes=\"(max-width: 625px) 100vw, 625px\" data-src=\"https:\/\/elreporterohgo.com\/noticias\/wp-content\/uploads\/2026\/08\/ADS-patrullas-300x250-1.png\" \/>\t\t\t\t\t\t\t\t<\/a>\n\t\t\t\t\t\t\t\t\t\t\t\t\t\t\t<\/div>\n\t\t\t\t<div class=\"elementor-element elementor-element-f3f116e elementor-widget elementor-widget-wp-widget-calendar\" data-id=\"f3f116e\" data-element_type=\"widget\" data-widget_type=\"wp-widget-calendar.default\">\n\t\t\t\t<div class=\"elementor-widget-container\">\n\t\t\t\t\t<div class=\"widget widget_calendar\"><div id=\"calendar_wrap\" class=\"calendar_wrap\"><table id=\"wp-calendar\" class=\"wp-calendar-table\">\n\t<caption>septiembre 2026<\/caption>\n\t<thead>\n\t<tr>\n\t\t<th scope=\"col\" aria-label=\"lunes\">L<\/th>\n\t\t<th scope=\"col\" aria-label=\"martes\">M<\/th>\n\t\t<th scope=\"col\" aria-label=\"mi\u00e9rcoles\">X<\/th>\n\t\t<th scope=\"col\" aria-label=\"jueves\">J<\/th>\n\t\t<th scope=\"col\" aria-label=\"viernes\">V<\/th>\n\t\t<th scope=\"col\" aria-label=\"s\u00e1bado\">S<\/th>\n\t\t<th scope=\"col\" aria-label=\"domingo\">D<\/th>\n\t<\/tr>\n\t<\/thead>\n\t<tbody>\n\t<tr>\n\t\t<td colspan=\"1\" class=\"pad\">&nbsp;<\/td><td><a href=\"https:\/\/elreporterohgo.com\/noticias\/2026\/09\/01\/\" aria-label=\"Entradas publicadas el 1 de September de 2026\">1<\/a><\/td><td><a href=\"https:\/\/elreporterohgo.com\/noticias\/2026\/09\/02\/\" aria-label=\"Entradas publicadas el 2 de September de 2026\">2<\/a><\/td><td><a href=\"https:\/\/elreporterohgo.com\/noticias\/2026\/09\/03\/\" aria-label=\"Entradas publicadas el 3 de September de 2026\">3<\/a><\/td><td><a href=\"https:\/\/elreporterohgo.com\/noticias\/2026\/09\/04\/\" aria-label=\"Entradas publicadas el 4 de September de 2026\">4<\/a><\/td><td id=\"today\"><a href=\"https:\/\/elreporterohgo.com\/noticias\/2026\/09\/05\/\" aria-label=\"Entradas publicadas el 5 de September de 2026\">5<\/a><\/td><td>6<\/td>\n\t<\/tr>\n\t<tr>\n\t\t<td>7<\/td><td>8<\/td><td>9<\/td><td>10<\/td><td>11<\/td><td>12<\/td><td>13<\/td>\n\t<\/tr>\n\t<tr>\n\t\t<td>14<\/td><td>15<\/td><td>16<\/td><td>17<\/td><td>18<\/td><td>19<\/td><td>20<\/td>\n\t<\/tr>\n\t<tr>\n\t\t<td>21<\/td><td>22<\/td><td>23<\/td><td>24<\/td><td>25<\/td><td>26<\/td><td>27<\/td>\n\t<\/tr>\n\t<tr>\n\t\t<td>28<\/td><td>29<\/td><td>30<\/td>\n\t\t<td class=\"pad\" colspan=\"4\">&nbsp;<\/td>\n\t<\/tr>\n\t<\/tbody>\n\t<\/table><nav aria-label=\"Meses anteriores y posteriores\" class=\"wp-calendar-nav\">\n\t\t<span class=\"wp-calendar-nav-prev\"><a href=\"https:\/\/elreporterohgo.com\/noticias\/2026\/08\/\">&laquo; Ago<\/a><\/span>\n\t\t<span class=\"pad\">&nbsp;<\/span>\n\t\t<span class=\"wp-calendar-nav-next\">&nbsp;<\/span>\n\t<\/nav><\/div><\/div>\t\t\t\t<\/div>\n\t\t\t\t<\/div>\n\t\t\t\t<div class=\"elementor-element elementor-element-915cf73 elementor-widget elementor-widget-image\" data-id=\"915cf73\" data-element_type=\"widget\" data-widget_type=\"image.default\">\n\t\t\t\t\t\t\t\t\t\t\t\t\t\t\t\t<a href=\"https:\/\/cuartoinforme.hidalgo.gob.mx\/\">\n\t\t\t\t\t\t\t<img loading=\"lazy\" decoding=\"async\" class=\"attachment-large size-large wp-image-83789 lazyload\" width=\"625\" height=\"521\" src=\"data:image\/svg+xml;base64,PHN2ZyB2aWV3Qm94PScwIDAgNjI1IDUyMScgeG1sbnM9J2h0dHA6Ly93d3cudzMub3JnLzIwMDAvc3ZnJz48L3N2Zz4=\" alt srcset=\"https:\/\/elreporterohgo.com\/noticias\/wp-content\/uploads\/2026\/08\/2o_Lugar_en_Lana-300x250-1.jpg 625w, https:\/\/elreporterohgo.com\/noticias\/wp-content\/uploads\/2026\/08\/2o_Lugar_en_Lana-300x250-1-300x250.jpg 300w, https:\/\/elreporterohgo.com\/noticias\/wp-content\/uploads\/2026\/08\/2o_Lugar_en_Lana-300x250-1-150x125.jpg 150w, https:\/\/elreporterohgo.com\/noticias\/wp-content\/uploads\/2026\/08\/2o_Lugar_en_Lana-300x250-1-450x375.jpg 450w\" sizes=\"(max-width: 625px) 100vw, 625px\" data-src=\"https:\/\/elreporterohgo.com\/noticias\/wp-content\/uploads\/2026\/08\/2o_Lugar_en_Lana-300x250-1.jpg\" \/>\t\t\t\t\t\t\t\t<\/a>\n\t\t\t\t\t\t\t\t\t\t\t\t\t\t\t<\/div>\n\t\t\t\t\t<\/div>\n\t\t<\/div>\n\t\t\t\t\t<\/div>\n\t\t<\/section>\n\t\t\t\t<\/div>\n\t\t","protected":false},"excerpt":{"rendered":"<p>LO \u00daLTIMO Hidalgo Hidalgo re\u00fane a sus comunidades para fortalecer el Turismo Comunitario Juan Sabino Cruz29 agosto, 2026 Hidalgo Menchaca Salazar respalda trabajo legislativo de Andr\u00e9s Vel\u00e1zquez Juan Sabino Cruz29 agosto, 2026 Hidalgo Adi\u00f3s a \u201cPueblo Calavera\u201d: una ocurrencia que no logr\u00f3 convertirse en tradici\u00f3n Juan Sabino Cruz29 agosto, 2026 Hidalgo Rescatan cuerpor de persona<\/p>\n","protected":false},"author":6,"featured_media":0,"parent":0,"menu_order":0,"comment_status":"closed","ping_status":"closed","template":"page-templates\/no-wrapper.php","meta":{"footnotes":""},"class_list":["post-74289","page","type-page","status-publish"],"_links":{"self":[{"href":"https:\/\/elreporterohgo.com\/noticias\/wp-json\/wp\/v2\/pages\/74289","targetHints":{"allow":["GET"]}}],"collection":[{"href":"https:\/\/elreporterohgo.com\/noticias\/wp-json\/wp\/v2\/pages"}],"about":[{"href":"https:\/\/elreporterohgo.com\/noticias\/wp-json\/wp\/v2\/types\/page"}],"author":[{"embeddable":true,"href":"https:\/\/elreporterohgo.com\/noticias\/wp-json\/wp\/v2\/users\/6"}],"replies":[{"embeddable":true,"href":"https:\/\/elreporterohgo.com\/noticias\/wp-json\/wp\/v2\/comments?post=74289"}],"version-history":[{"count":166,"href":"https:\/\/elreporterohgo.com\/noticias\/wp-json\/wp\/v2\/pages\/74289\/revisions"}],"predecessor-version":[{"id":83800,"href":"https:\/\/elreporterohgo.com\/noticias\/wp-json\/wp\/v2\/pages\/74289\/revisions\/83800"}],"wp:attachment":[{"href":"https:\/\/elreporterohgo.com\/noticias\/wp-json\/wp\/v2\/media?parent=74289"}],"curies":[{"name":"wp","href":"https:\/\/api.w.org\/{rel}","templated":true}]}}